{"version":"1.0","provider_name":"Van Haber | Van X Haber | Van Haberleri","provider_url":"https:\/\/vanxhaber.com","author_name":"Van X Haber","author_url":"https:\/\/vanxhaber.com\/index.php\/author\/vangazetesi\/","title":"Van \u0130pekyolu\u2019nda \u0130ddial\u0131 Ba\u011f\u0131ms\u0131z Aday\u0131","type":"rich","width":600,"height":338,"html":"<blockquote class=\"wp-embedded-content\" data-secret=\"M0xEPzInf3\"><a href=\"https:\/\/vanxhaber.com\/index.php\/2024\/01\/09\/van-ipekyolunda-iddiali-bagimsiz-adayi\/\">Van \u0130pekyolu\u2019nda \u0130ddial\u0131 Ba\u011f\u0131ms\u0131z Aday\u0131<\/a><\/blockquote><iframe sandbox=\"allow-scripts\" security=\"restricted\" src=\"https:\/\/vanxhaber.com\/index.php\/2024\/01\/09\/van-ipekyolunda-iddiali-bagimsiz-adayi\/embed\/#?secret=M0xEPzInf3\" width=\"600\" height=\"338\" title=\"&#8220;Van \u0130pekyolu\u2019nda \u0130ddial\u0131 Ba\u011f\u0131ms\u0131z Aday\u0131&#8221; &#8212; Van Haber | Van X Haber | Van Haberleri\" data-secret=\"M0xEPzInf3\" frameborder=\"0\" marginwidth=\"0\" marginheight=\"0\" scrolling=\"no\" class=\"wp-embedded-content\"><\/iframe><script type=\"text\/javascript\">\n\/* <![CDATA[ *\/\n\/*! This file is auto-generated *\/\n!function(d,l){\"use strict\";l.querySelector&&d.addEventListener&&\"undefined\"!=typeof URL&&(d.wp=d.wp||{},d.wp.receiveEmbedMessage||(d.wp.receiveEmbedMessage=function(e){var t=e.data;if((t||t.secret||t.message||t.value)&&!\/[^a-zA-Z0-9]\/.test(t.secret)){for(var s,r,n,a=l.querySelectorAll('iframe[data-secret=\"'+t.secret+'\"]'),o=l.querySelectorAll('blockquote[data-secret=\"'+t.secret+'\"]'),c=new RegExp(\"^https?:$\",\"i\"),i=0;i<o.length;i++)o[i].style.display=\"none\";for(i=0;i<a.length;i++)s=a[i],e.source===s.contentWindow&&(s.removeAttribute(\"style\"),\"height\"===t.message?(1e3<(r=parseInt(t.value,10))?r=1e3:~~r<200&&(r=200),s.height=r):\"link\"===t.message&&(r=new URL(s.getAttribute(\"src\")),n=new URL(t.value),c.test(n.protocol))&&n.host===r.host&&l.activeElement===s&&(d.top.location.href=t.value))}},d.addEventListener(\"message\",d.wp.receiveEmbedMessage,!1),l.addEventListener(\"DOMContentLoaded\",function(){for(var e,t,s=l.querySelectorAll(\"iframe.wp-embedded-content\"),r=0;r<s.length;r++)(t=(e=s[r]).getAttribute(\"data-secret\"))||(t=Math.random().toString(36).substring(2,12),e.src+=\"#?secret=\"+t,e.setAttribute(\"data-secret\",t)),e.contentWindow.postMessage({message:\"ready\",secret:t},\"*\")},!1)))}(window,document);\n\/\/# sourceURL=https:\/\/vanxhaber.com\/wp-includes\/js\/wp-embed.min.js\n\/* ]]> *\/\n<\/script>\n","thumbnail_url":"https:\/\/vanxhaber.com\/wp-content\/uploads\/2024\/01\/ipekyolu-bagimisz-adayi.jpg","thumbnail_width":641,"thumbnail_height":380,"description":"Feq\u00eey\u00ea Teyran K\u00fclt\u00fcr Sanat Spor Yard\u0131mla\u015fma ve Dayan\u0131\u015fma Derne\u011fi Ba\u015fkan\u0131 ve Van \u0130pekyolu Ba\u011f\u0131ms\u0131z Belediye Ba\u015fkan Aday\u0131 Muammer Tak\u0131s, yerel ve ulusal bas\u0131nla bir araya geldi. Muammer Tak\u0131s, Van \u0130pekyolu il\u00e7esinde ba\u011f\u0131ms\u0131z belediye ba\u015fkan adayl\u0131\u011f\u0131n\u0131 a\u00e7\u0131klarken, \u00f6nemli a\u00e7\u0131klamalarda bulundu. Van \u0130pekyolu Ba\u011f\u0131ms\u0131z Belediye Ba\u015fkan Aday\u0131 Muammer Tak\u0131s, \u201c1961 D\u00fcnya Gazeteciler G\u00fcn\u00fc ilan\u0131ndan sonra fikir \u00f6zg\u00fcrl\u00fckleri &hellip;"}