{"version":"1.0","provider_name":"Van Haber | Van X Haber | Van Haberleri","provider_url":"https:\/\/vanxhaber.com","author_name":"Van X Haber","author_url":"https:\/\/vanxhaber.com\/index.php\/author\/vangazetesi\/","title":"Van'da Kar Ya\u011f\u0131\u015f\u0131 Ba\u015fl\u0131yor: Meteoroloji Uyar\u0131da Bulundu","type":"rich","width":600,"height":338,"html":"<blockquote class=\"wp-embedded-content\" data-secret=\"AtTgzR7fPx\"><a href=\"https:\/\/vanxhaber.com\/index.php\/2024\/01\/09\/vanda-kar-yagisi-basliyor-meteoroloji-uyarida-bulundu\/\">Van&#8217;da Kar Ya\u011f\u0131\u015f\u0131 Ba\u015fl\u0131yor: Meteoroloji Uyar\u0131da Bulundu<\/a><\/blockquote><iframe sandbox=\"allow-scripts\" security=\"restricted\" src=\"https:\/\/vanxhaber.com\/index.php\/2024\/01\/09\/vanda-kar-yagisi-basliyor-meteoroloji-uyarida-bulundu\/embed\/#?secret=AtTgzR7fPx\" width=\"600\" height=\"338\" title=\"&#8220;Van&#8217;da Kar Ya\u011f\u0131\u015f\u0131 Ba\u015fl\u0131yor: Meteoroloji Uyar\u0131da Bulundu&#8221; &#8212; Van Haber | Van X Haber | Van Haberleri\" data-secret=\"AtTgzR7fPx\" frameborder=\"0\" marginwidth=\"0\" marginheight=\"0\" scrolling=\"no\" class=\"wp-embedded-content\"><\/iframe><script type=\"text\/javascript\">\n\/* <![CDATA[ *\/\n\/*! This file is auto-generated *\/\n!function(d,l){\"use strict\";l.querySelector&&d.addEventListener&&\"undefined\"!=typeof URL&&(d.wp=d.wp||{},d.wp.receiveEmbedMessage||(d.wp.receiveEmbedMessage=function(e){var t=e.data;if((t||t.secret||t.message||t.value)&&!\/[^a-zA-Z0-9]\/.test(t.secret)){for(var s,r,n,a=l.querySelectorAll('iframe[data-secret=\"'+t.secret+'\"]'),o=l.querySelectorAll('blockquote[data-secret=\"'+t.secret+'\"]'),c=new RegExp(\"^https?:$\",\"i\"),i=0;i<o.length;i++)o[i].style.display=\"none\";for(i=0;i<a.length;i++)s=a[i],e.source===s.contentWindow&&(s.removeAttribute(\"style\"),\"height\"===t.message?(1e3<(r=parseInt(t.value,10))?r=1e3:~~r<200&&(r=200),s.height=r):\"link\"===t.message&&(r=new URL(s.getAttribute(\"src\")),n=new URL(t.value),c.test(n.protocol))&&n.host===r.host&&l.activeElement===s&&(d.top.location.href=t.value))}},d.addEventListener(\"message\",d.wp.receiveEmbedMessage,!1),l.addEventListener(\"DOMContentLoaded\",function(){for(var e,t,s=l.querySelectorAll(\"iframe.wp-embedded-content\"),r=0;r<s.length;r++)(t=(e=s[r]).getAttribute(\"data-secret\"))||(t=Math.random().toString(36).substring(2,12),e.src+=\"#?secret=\"+t,e.setAttribute(\"data-secret\",t)),e.contentWindow.postMessage({message:\"ready\",secret:t},\"*\")},!1)))}(window,document);\n\/\/# sourceURL=https:\/\/vanxhaber.com\/wp-includes\/js\/wp-embed.min.js\n\/* ]]> *\/\n<\/script>\n","thumbnail_url":"https:\/\/vanxhaber.com\/wp-content\/uploads\/2024\/01\/kar-geliyor.jpg","thumbnail_width":641,"thumbnail_height":380,"description":"Van&#8217;da Kar Sezonu Ba\u015fl\u0131yor: Meteoroloji Uyar\u0131da Bulundu Meteoroloji 14. B\u00f6lge M\u00fcd\u00fcrl\u00fc\u011f\u00fc, Van&#8217;da par\u00e7al\u0131 ve bulutlu havan\u0131n ard\u0131ndan \u00f6\u011fle saatlerinden itibaren kar ya\u011f\u0131\u015f\u0131n\u0131n ba\u015flayaca\u011f\u0131n\u0131 duyurdu. Gece saatlerinde buzlanma, don olay\u0131 ve \u00e7\u0131\u011f tehlikesine kar\u015f\u0131 vatanda\u015flardan dikkatli olmalar\u0131 istendi. Ula\u015f\u0131mda aksamalara kar\u015f\u0131 tedbirli olunmas\u0131 \u00f6nem arz ediyor.&#8221; Meteoroloji 14. B\u00f6lge M\u00fcd\u00fcrl\u00fc\u011f\u00fc, Van&#8217;da bug\u00fcnden itibaren kar ya\u011f\u0131\u015f\u0131n\u0131n ba\u015flayaca\u011f\u0131n\u0131 &hellip;"}