{"version":"1.0","provider_name":"Van Haber | Van X Haber | Van Haberleri","provider_url":"https:\/\/vanxhaber.com","author_name":"Van X Haber","author_url":"https:\/\/vanxhaber.com\/index.php\/author\/vangazetesi\/","title":"Vanl\u0131 gen\u00e7 m\u00fczisyen in\u015faattan d\u00fc\u015ferek ya\u015fam\u0131n\u0131 yitirdi!","type":"rich","width":600,"height":338,"html":"<blockquote class=\"wp-embedded-content\" data-secret=\"QJG4tuG90Q\"><a href=\"https:\/\/vanxhaber.com\/index.php\/2024\/01\/09\/vanli-genc-muzisyen-insaattan-duserek-yasamini-yitirdi\/\">Vanl\u0131 gen\u00e7 m\u00fczisyen in\u015faattan d\u00fc\u015ferek ya\u015fam\u0131n\u0131 yitirdi!<\/a><\/blockquote><iframe sandbox=\"allow-scripts\" security=\"restricted\" src=\"https:\/\/vanxhaber.com\/index.php\/2024\/01\/09\/vanli-genc-muzisyen-insaattan-duserek-yasamini-yitirdi\/embed\/#?secret=QJG4tuG90Q\" width=\"600\" height=\"338\" title=\"&#8220;Vanl\u0131 gen\u00e7 m\u00fczisyen in\u015faattan d\u00fc\u015ferek ya\u015fam\u0131n\u0131 yitirdi!&#8221; &#8212; Van Haber | Van X Haber | Van Haberleri\" data-secret=\"QJG4tuG90Q\" frameborder=\"0\" marginwidth=\"0\" marginheight=\"0\" scrolling=\"no\" class=\"wp-embedded-content\"><\/iframe><script type=\"text\/javascript\">\n\/* <![CDATA[ *\/\n\/*! This file is auto-generated *\/\n!function(d,l){\"use strict\";l.querySelector&&d.addEventListener&&\"undefined\"!=typeof URL&&(d.wp=d.wp||{},d.wp.receiveEmbedMessage||(d.wp.receiveEmbedMessage=function(e){var t=e.data;if((t||t.secret||t.message||t.value)&&!\/[^a-zA-Z0-9]\/.test(t.secret)){for(var s,r,n,a=l.querySelectorAll('iframe[data-secret=\"'+t.secret+'\"]'),o=l.querySelectorAll('blockquote[data-secret=\"'+t.secret+'\"]'),c=new RegExp(\"^https?:$\",\"i\"),i=0;i<o.length;i++)o[i].style.display=\"none\";for(i=0;i<a.length;i++)s=a[i],e.source===s.contentWindow&&(s.removeAttribute(\"style\"),\"height\"===t.message?(1e3<(r=parseInt(t.value,10))?r=1e3:~~r<200&&(r=200),s.height=r):\"link\"===t.message&&(r=new URL(s.getAttribute(\"src\")),n=new URL(t.value),c.test(n.protocol))&&n.host===r.host&&l.activeElement===s&&(d.top.location.href=t.value))}},d.addEventListener(\"message\",d.wp.receiveEmbedMessage,!1),l.addEventListener(\"DOMContentLoaded\",function(){for(var e,t,s=l.querySelectorAll(\"iframe.wp-embedded-content\"),r=0;r<s.length;r++)(t=(e=s[r]).getAttribute(\"data-secret\"))||(t=Math.random().toString(36).substring(2,12),e.src+=\"#?secret=\"+t,e.setAttribute(\"data-secret\",t)),e.contentWindow.postMessage({message:\"ready\",secret:t},\"*\")},!1)))}(window,document);\n\/\/# sourceURL=https:\/\/vanxhaber.com\/wp-includes\/js\/wp-embed.min.js\n\/* ]]> *\/\n<\/script>\n","thumbnail_url":"https:\/\/vanxhaber.com\/wp-content\/uploads\/2024\/01\/vanli-muzisyen.jpg","thumbnail_width":641,"thumbnail_height":380,"description":"Vanl\u0131 Diyar Delal, olarak bilinen gen\u00e7 m\u00fczisyen Manisa\u2019da in\u015faattan d\u00fc\u015ferek ya\u015fam\u0131n\u0131 yitirdi. Van G\u00fcrp\u0131nar il\u00e7esine ba\u011fl\u0131 Yata\u011fa (Xirk) Mahallesi n\u00fcfusuna kay\u0131tl\u0131 18 ya\u015f\u0131ndaki Mert Bayat, (Diyar Delal) Manisa\u2019da \u00e7al\u0131\u015ft\u0131\u011f\u0131 in\u015faat alan\u0131nda meydana gelen bir kaza sonucu hayat\u0131n\u0131 kaybetti. Gen\u00e7 m\u00fczik sanat\u00e7\u0131s\u0131 ve kule vin\u00e7 operat\u00f6r\u00fc olan Delal\u2019in, \u00e7al\u0131\u015ft\u0131\u011f\u0131 in\u015faat alan\u0131nda kule vincin devrilmesi sonucu i\u00e7inde &hellip;"}