{"version":"1.0","provider_name":"Van Haber | Van X Haber | Van Haberleri","provider_url":"https:\/\/vanxhaber.com","author_name":"Van X Haber","author_url":"https:\/\/vanxhaber.com\/index.php\/author\/vangazetesi\/","title":"Muradiye'de yolda mahsur kalan ara\u00e7lar kurtar\u0131ld\u0131","type":"rich","width":600,"height":338,"html":"<blockquote class=\"wp-embedded-content\" data-secret=\"kuIYzTTYME\"><a href=\"https:\/\/vanxhaber.com\/index.php\/2024\/01\/11\/muradiyede-yolda-mahsur-kalan-araclar-kurtarildi\/\">Muradiye&#8217;de yolda mahsur kalan ara\u00e7lar kurtar\u0131ld\u0131<\/a><\/blockquote><iframe sandbox=\"allow-scripts\" security=\"restricted\" src=\"https:\/\/vanxhaber.com\/index.php\/2024\/01\/11\/muradiyede-yolda-mahsur-kalan-araclar-kurtarildi\/embed\/#?secret=kuIYzTTYME\" width=\"600\" height=\"338\" title=\"&#8220;Muradiye&#8217;de yolda mahsur kalan ara\u00e7lar kurtar\u0131ld\u0131&#8221; &#8212; Van Haber | Van X Haber | Van Haberleri\" data-secret=\"kuIYzTTYME\" frameborder=\"0\" marginwidth=\"0\" marginheight=\"0\" scrolling=\"no\" class=\"wp-embedded-content\"><\/iframe><script type=\"text\/javascript\">\n\/* <![CDATA[ *\/\n\/*! This file is auto-generated *\/\n!function(d,l){\"use strict\";l.querySelector&&d.addEventListener&&\"undefined\"!=typeof URL&&(d.wp=d.wp||{},d.wp.receiveEmbedMessage||(d.wp.receiveEmbedMessage=function(e){var t=e.data;if((t||t.secret||t.message||t.value)&&!\/[^a-zA-Z0-9]\/.test(t.secret)){for(var s,r,n,a=l.querySelectorAll('iframe[data-secret=\"'+t.secret+'\"]'),o=l.querySelectorAll('blockquote[data-secret=\"'+t.secret+'\"]'),c=new RegExp(\"^https?:$\",\"i\"),i=0;i<o.length;i++)o[i].style.display=\"none\";for(i=0;i<a.length;i++)s=a[i],e.source===s.contentWindow&&(s.removeAttribute(\"style\"),\"height\"===t.message?(1e3<(r=parseInt(t.value,10))?r=1e3:~~r<200&&(r=200),s.height=r):\"link\"===t.message&&(r=new URL(s.getAttribute(\"src\")),n=new URL(t.value),c.test(n.protocol))&&n.host===r.host&&l.activeElement===s&&(d.top.location.href=t.value))}},d.addEventListener(\"message\",d.wp.receiveEmbedMessage,!1),l.addEventListener(\"DOMContentLoaded\",function(){for(var e,t,s=l.querySelectorAll(\"iframe.wp-embedded-content\"),r=0;r<s.length;r++)(t=(e=s[r]).getAttribute(\"data-secret\"))||(t=Math.random().toString(36).substring(2,12),e.src+=\"#?secret=\"+t,e.setAttribute(\"data-secret\",t)),e.contentWindow.postMessage({message:\"ready\",secret:t},\"*\")},!1)))}(window,document);\n\/\/# sourceURL=https:\/\/vanxhaber.com\/wp-includes\/js\/wp-embed.min.js\n\/* ]]> *\/\n<\/script>\n","thumbnail_url":"https:\/\/vanxhaber.com\/wp-content\/uploads\/2024\/01\/YOL-YAPIM-CALISMASI.jpg","thumbnail_width":641,"thumbnail_height":380,"description":"Van\u2019\u0131n Muradiye il\u00e7esinde yo\u011fun kar ya\u011f\u0131\u015f\u0131 nedeniyle yolda mahsur kalan ara\u00e7lar ekiplerin \u00e7al\u0131\u015fmalar\u0131yla kurtar\u0131ld\u0131. Muradiye\u2019nin Adakl\u0131 grup yolunda, yoldan \u00e7\u0131kan baz\u0131 ara\u00e7lar kara saplanarak mahsur kald\u0131. B\u00f6lgeye ula\u015fan Van B\u00fcy\u00fck\u015fehir ve Muradiye Belediyesi karla m\u00fccadele ekipleri, kurtarma \u00e7al\u0131\u015fmas\u0131 ba\u015flatt\u0131. Karla m\u00fccadele ekipleri yolu a\u00e7arak, ara\u00e7lar\u0131 sapland\u0131klar\u0131 yerden kurtard\u0131."}