{"version":"1.0","provider_name":"Van Haber | Van X Haber | Van Haberleri","provider_url":"https:\/\/vanxhaber.com","author_name":"Van X Haber","author_url":"https:\/\/vanxhaber.com\/index.php\/author\/vangazetesi\/","title":"Van'\u0131n en i\u015flek caddesi trafi\u011fe kapat\u0131ld\u0131","type":"rich","width":600,"height":338,"html":"<blockquote class=\"wp-embedded-content\" data-secret=\"StBXOatdha\"><a href=\"https:\/\/vanxhaber.com\/index.php\/2024\/01\/16\/vanin-en-islek-caddesi-trafige-kapatildi\/\">Van&#8217;\u0131n en i\u015flek caddesi trafi\u011fe kapat\u0131ld\u0131<\/a><\/blockquote><iframe sandbox=\"allow-scripts\" security=\"restricted\" src=\"https:\/\/vanxhaber.com\/index.php\/2024\/01\/16\/vanin-en-islek-caddesi-trafige-kapatildi\/embed\/#?secret=StBXOatdha\" width=\"600\" height=\"338\" title=\"&#8220;Van&#8217;\u0131n en i\u015flek caddesi trafi\u011fe kapat\u0131ld\u0131&#8221; &#8212; Van Haber | Van X Haber | Van Haberleri\" data-secret=\"StBXOatdha\" frameborder=\"0\" marginwidth=\"0\" marginheight=\"0\" scrolling=\"no\" class=\"wp-embedded-content\"><\/iframe><script type=\"text\/javascript\">\n\/* <![CDATA[ *\/\n\/*! This file is auto-generated *\/\n!function(d,l){\"use strict\";l.querySelector&&d.addEventListener&&\"undefined\"!=typeof URL&&(d.wp=d.wp||{},d.wp.receiveEmbedMessage||(d.wp.receiveEmbedMessage=function(e){var t=e.data;if((t||t.secret||t.message||t.value)&&!\/[^a-zA-Z0-9]\/.test(t.secret)){for(var s,r,n,a=l.querySelectorAll('iframe[data-secret=\"'+t.secret+'\"]'),o=l.querySelectorAll('blockquote[data-secret=\"'+t.secret+'\"]'),c=new RegExp(\"^https?:$\",\"i\"),i=0;i<o.length;i++)o[i].style.display=\"none\";for(i=0;i<a.length;i++)s=a[i],e.source===s.contentWindow&&(s.removeAttribute(\"style\"),\"height\"===t.message?(1e3<(r=parseInt(t.value,10))?r=1e3:~~r<200&&(r=200),s.height=r):\"link\"===t.message&&(r=new URL(s.getAttribute(\"src\")),n=new URL(t.value),c.test(n.protocol))&&n.host===r.host&&l.activeElement===s&&(d.top.location.href=t.value))}},d.addEventListener(\"message\",d.wp.receiveEmbedMessage,!1),l.addEventListener(\"DOMContentLoaded\",function(){for(var e,t,s=l.querySelectorAll(\"iframe.wp-embedded-content\"),r=0;r<s.length;r++)(t=(e=s[r]).getAttribute(\"data-secret\"))||(t=Math.random().toString(36).substring(2,12),e.src+=\"#?secret=\"+t,e.setAttribute(\"data-secret\",t)),e.contentWindow.postMessage({message:\"ready\",secret:t},\"*\")},!1)))}(window,document);\n\/\/# sourceURL=https:\/\/vanxhaber.com\/wp-includes\/js\/wp-embed.min.js\n\/* ]]> *\/\n<\/script>\n","thumbnail_url":"https:\/\/vanxhaber.com\/wp-content\/uploads\/2024\/01\/van-trafigi.jpg","thumbnail_width":641,"thumbnail_height":380,"description":"Van&#8217;\u0131n en i\u015flek caddelerinden biri olan Mara\u015f Caddesi Vaski&#8217;nin \u00e7al\u0131\u015fmalar\u0131ndan dolay\u0131 tek y\u00f6nl\u00fc trafi\u011fe kapat\u0131ld\u0131. \u015ei\u015fli \u00d6\u011fretmen Evi \u00f6n\u00fcnden Soydan Kav\u015fa\u011f\u0131na kadar ara\u00e7 ge\u00e7i\u015fine izin verilmiyor. \u00c7al\u0131\u015fman\u0131n sebebinin su patla\u011f\u0131 oldu\u011fu \u00f6\u011frenildi. Vatanda\u015flar ve s\u00fcr\u00fcc\u00fcler, bu t\u00fcr \u00e7al\u0131\u015fmalar\u0131n mesaiye ba\u015flama saatlerinde de\u011fil gece saatlerinde yap\u0131lmas\u0131 gerekti\u011fini belirtti. Uzun ara\u00e7 kuyruklar\u0131n\u0131n olu\u015ftu\u011fu cadde \u00e7al\u0131\u015fmalar\u0131n ard\u0131ndan trafi\u011fe &hellip;"}