{"version":"1.0","provider_name":"Van Haber | Van X Haber | Van Haberleri","provider_url":"https:\/\/vanxhaber.com","author_name":"Van X Haber","author_url":"https:\/\/vanxhaber.com\/index.php\/author\/vangazetesi\/","title":"Van\u2019da hapis cezas\u0131 bulunan 15 ki\u015fi yakaland\u0131","type":"rich","width":600,"height":338,"html":"<blockquote class=\"wp-embedded-content\" data-secret=\"vHXt8QURIi\"><a href=\"https:\/\/vanxhaber.com\/index.php\/2024\/01\/24\/vanda-hapis-cezasi-bulunan-15-kisi-yakalandi\/\">Van\u2019da hapis cezas\u0131 bulunan 15 ki\u015fi yakaland\u0131<\/a><\/blockquote><iframe sandbox=\"allow-scripts\" security=\"restricted\" src=\"https:\/\/vanxhaber.com\/index.php\/2024\/01\/24\/vanda-hapis-cezasi-bulunan-15-kisi-yakalandi\/embed\/#?secret=vHXt8QURIi\" width=\"600\" height=\"338\" title=\"&#8220;Van\u2019da hapis cezas\u0131 bulunan 15 ki\u015fi yakaland\u0131&#8221; &#8212; Van Haber | Van X Haber | Van Haberleri\" data-secret=\"vHXt8QURIi\" frameborder=\"0\" marginwidth=\"0\" marginheight=\"0\" scrolling=\"no\" class=\"wp-embedded-content\"><\/iframe><script type=\"text\/javascript\">\n\/* <![CDATA[ *\/\n\/*! This file is auto-generated *\/\n!function(d,l){\"use strict\";l.querySelector&&d.addEventListener&&\"undefined\"!=typeof URL&&(d.wp=d.wp||{},d.wp.receiveEmbedMessage||(d.wp.receiveEmbedMessage=function(e){var t=e.data;if((t||t.secret||t.message||t.value)&&!\/[^a-zA-Z0-9]\/.test(t.secret)){for(var s,r,n,a=l.querySelectorAll('iframe[data-secret=\"'+t.secret+'\"]'),o=l.querySelectorAll('blockquote[data-secret=\"'+t.secret+'\"]'),c=new RegExp(\"^https?:$\",\"i\"),i=0;i<o.length;i++)o[i].style.display=\"none\";for(i=0;i<a.length;i++)s=a[i],e.source===s.contentWindow&&(s.removeAttribute(\"style\"),\"height\"===t.message?(1e3<(r=parseInt(t.value,10))?r=1e3:~~r<200&&(r=200),s.height=r):\"link\"===t.message&&(r=new URL(s.getAttribute(\"src\")),n=new URL(t.value),c.test(n.protocol))&&n.host===r.host&&l.activeElement===s&&(d.top.location.href=t.value))}},d.addEventListener(\"message\",d.wp.receiveEmbedMessage,!1),l.addEventListener(\"DOMContentLoaded\",function(){for(var e,t,s=l.querySelectorAll(\"iframe.wp-embedded-content\"),r=0;r<s.length;r++)(t=(e=s[r]).getAttribute(\"data-secret\"))||(t=Math.random().toString(36).substring(2,12),e.src+=\"#?secret=\"+t,e.setAttribute(\"data-secret\",t)),e.contentWindow.postMessage({message:\"ready\",secret:t},\"*\")},!1)))}(window,document);\n\/\/# sourceURL=https:\/\/vanxhaber.com\/wp-includes\/js\/wp-embed.min.js\n\/* ]]> *\/\n<\/script>\n","thumbnail_url":"https:\/\/vanxhaber.com\/wp-content\/uploads\/2024\/01\/vanda-15-kisi-tutuklandi.jpg","thumbnail_width":641,"thumbnail_height":380,"description":"Van\u2019da polis ekiplerince y\u00fcr\u00fct\u00fclen \u00e7al\u0131\u015fmalar sonucunda kesinle\u015fmi\u015f hapis cezas\u0131 bulunan 15 ki\u015fi yakalanarak cezaevine teslim edildi. Van Emniyet M\u00fcd\u00fcrl\u00fc\u011f\u00fcnden yap\u0131lan a\u00e7\u0131klamada, kamu d\u00fczeninin sa\u011flanmas\u0131 i\u00e7in su\u00e7 ve su\u00e7lularla m\u00fccadele kapsam\u0131nda aranan \u015fah\u0131s\/\u015fah\u0131slar\u0131n yakalanmas\u0131 ve adalete teslim edilmelerine y\u00f6nelik y\u00fcr\u00fct\u00fclen \u00e7al\u0131\u015fmalar\u0131n devam etti\u011fi belirtildi. A\u00e7\u0131klamada, \u201cYap\u0131lan \u00e7al\u0131\u015fmalarda; \u2018Uyu\u015fturucu veya Uyar\u0131c\u0131 Madde \u0130mal ve Ticareti\u2019 su\u00e7undan aranma &hellip;"}