{"version":"1.0","provider_name":"Van Haber | Van X Haber | Van Haberleri","provider_url":"https:\/\/vanxhaber.com","author_name":"Van X Haber","author_url":"https:\/\/vanxhaber.com\/index.php\/author\/vangazetesi\/","title":"Van'da kar ya\u011f\u0131\u015f\u0131 beraberinde kazalar\u0131'da getirdi","type":"rich","width":600,"height":338,"html":"<blockquote class=\"wp-embedded-content\" data-secret=\"hClsA2AhmU\"><a href=\"https:\/\/vanxhaber.com\/index.php\/2024\/01\/24\/vanda-kar-yagisi-beraberinde-kazalarida-getirdi\/\">Van&#8217;da kar ya\u011f\u0131\u015f\u0131 beraberinde kazalar\u0131&#8217;da getirdi<\/a><\/blockquote><iframe sandbox=\"allow-scripts\" security=\"restricted\" src=\"https:\/\/vanxhaber.com\/index.php\/2024\/01\/24\/vanda-kar-yagisi-beraberinde-kazalarida-getirdi\/embed\/#?secret=hClsA2AhmU\" width=\"600\" height=\"338\" title=\"&#8220;Van&#8217;da kar ya\u011f\u0131\u015f\u0131 beraberinde kazalar\u0131&#8217;da getirdi&#8221; &#8212; Van Haber | Van X Haber | Van Haberleri\" data-secret=\"hClsA2AhmU\" frameborder=\"0\" marginwidth=\"0\" marginheight=\"0\" scrolling=\"no\" class=\"wp-embedded-content\"><\/iframe><script type=\"text\/javascript\">\n\/* <![CDATA[ *\/\n\/*! This file is auto-generated *\/\n!function(d,l){\"use strict\";l.querySelector&&d.addEventListener&&\"undefined\"!=typeof URL&&(d.wp=d.wp||{},d.wp.receiveEmbedMessage||(d.wp.receiveEmbedMessage=function(e){var t=e.data;if((t||t.secret||t.message||t.value)&&!\/[^a-zA-Z0-9]\/.test(t.secret)){for(var s,r,n,a=l.querySelectorAll('iframe[data-secret=\"'+t.secret+'\"]'),o=l.querySelectorAll('blockquote[data-secret=\"'+t.secret+'\"]'),c=new RegExp(\"^https?:$\",\"i\"),i=0;i<o.length;i++)o[i].style.display=\"none\";for(i=0;i<a.length;i++)s=a[i],e.source===s.contentWindow&&(s.removeAttribute(\"style\"),\"height\"===t.message?(1e3<(r=parseInt(t.value,10))?r=1e3:~~r<200&&(r=200),s.height=r):\"link\"===t.message&&(r=new URL(s.getAttribute(\"src\")),n=new URL(t.value),c.test(n.protocol))&&n.host===r.host&&l.activeElement===s&&(d.top.location.href=t.value))}},d.addEventListener(\"message\",d.wp.receiveEmbedMessage,!1),l.addEventListener(\"DOMContentLoaded\",function(){for(var e,t,s=l.querySelectorAll(\"iframe.wp-embedded-content\"),r=0;r<s.length;r++)(t=(e=s[r]).getAttribute(\"data-secret\"))||(t=Math.random().toString(36).substring(2,12),e.src+=\"#?secret=\"+t,e.setAttribute(\"data-secret\",t)),e.contentWindow.postMessage({message:\"ready\",secret:t},\"*\")},!1)))}(window,document);\n\/\/# sourceURL=https:\/\/vanxhaber.com\/wp-includes\/js\/wp-embed.min.js\n\/* ]]> *\/\n<\/script>\n","thumbnail_url":"https:\/\/vanxhaber.com\/wp-content\/uploads\/2024\/01\/van-da-kazalar.jpg","thumbnail_width":641,"thumbnail_height":380,"description":"Van&#8217;da etkili olan kar ya\u011f\u0131\u015f\u0131 hayat\u0131 olumsuz y\u00f6nde etkilemeye devam ediyor. 429 yerle\u015fim yeri yolunun ula\u015f\u0131ma kapand\u0131\u011f\u0131 kentte u\u00e7ak seferleri ise r\u00f6tarl\u0131 yap\u0131l\u0131yor. Kar ya\u011f\u0131\u015f\u0131ndan dolay\u0131 Van Geva\u015f kara yolunda seyreden iki t\u0131r, kar ya\u011f\u0131\u015f\u0131ndan dolay\u0131 kayganla\u015fan yolda kontrolden \u00e7\u0131kt\u0131. Ayr\u0131 noktalarda ref\u00fcje \u00e7arparak durabilen t\u0131rlarda maddi hasar meydana gelirken, b\u00f6lgede kar ya\u011f\u0131\u015f\u0131 yo\u011fun \u015fekilde &hellip;"}