{"version":"1.0","provider_name":"Van Haber | Van X Haber | Van Haberleri","provider_url":"https:\/\/vanxhaber.com","author_name":"Van X Haber","author_url":"https:\/\/vanxhaber.com\/index.php\/author\/vangazetesi\/","title":"Van \u0130l Koordinasyon Kurulu toplant\u0131s\u0131 yap\u0131ld\u0131","type":"rich","width":600,"height":338,"html":"<blockquote class=\"wp-embedded-content\" data-secret=\"D2vBeAEpql\"><a href=\"https:\/\/vanxhaber.com\/index.php\/2024\/01\/26\/van-il-koordinasyon-kurulu-toplantisi-yapildi\/\">Van \u0130l Koordinasyon Kurulu toplant\u0131s\u0131 yap\u0131ld\u0131<\/a><\/blockquote><iframe sandbox=\"allow-scripts\" security=\"restricted\" src=\"https:\/\/vanxhaber.com\/index.php\/2024\/01\/26\/van-il-koordinasyon-kurulu-toplantisi-yapildi\/embed\/#?secret=D2vBeAEpql\" width=\"600\" height=\"338\" title=\"&#8220;Van \u0130l Koordinasyon Kurulu toplant\u0131s\u0131 yap\u0131ld\u0131&#8221; &#8212; Van Haber | Van X Haber | Van Haberleri\" data-secret=\"D2vBeAEpql\" frameborder=\"0\" marginwidth=\"0\" marginheight=\"0\" scrolling=\"no\" class=\"wp-embedded-content\"><\/iframe><script type=\"text\/javascript\">\n\/* <![CDATA[ *\/\n\/*! This file is auto-generated *\/\n!function(d,l){\"use strict\";l.querySelector&&d.addEventListener&&\"undefined\"!=typeof URL&&(d.wp=d.wp||{},d.wp.receiveEmbedMessage||(d.wp.receiveEmbedMessage=function(e){var t=e.data;if((t||t.secret||t.message||t.value)&&!\/[^a-zA-Z0-9]\/.test(t.secret)){for(var s,r,n,a=l.querySelectorAll('iframe[data-secret=\"'+t.secret+'\"]'),o=l.querySelectorAll('blockquote[data-secret=\"'+t.secret+'\"]'),c=new RegExp(\"^https?:$\",\"i\"),i=0;i<o.length;i++)o[i].style.display=\"none\";for(i=0;i<a.length;i++)s=a[i],e.source===s.contentWindow&&(s.removeAttribute(\"style\"),\"height\"===t.message?(1e3<(r=parseInt(t.value,10))?r=1e3:~~r<200&&(r=200),s.height=r):\"link\"===t.message&&(r=new URL(s.getAttribute(\"src\")),n=new URL(t.value),c.test(n.protocol))&&n.host===r.host&&l.activeElement===s&&(d.top.location.href=t.value))}},d.addEventListener(\"message\",d.wp.receiveEmbedMessage,!1),l.addEventListener(\"DOMContentLoaded\",function(){for(var e,t,s=l.querySelectorAll(\"iframe.wp-embedded-content\"),r=0;r<s.length;r++)(t=(e=s[r]).getAttribute(\"data-secret\"))||(t=Math.random().toString(36).substring(2,12),e.src+=\"#?secret=\"+t,e.setAttribute(\"data-secret\",t)),e.contentWindow.postMessage({message:\"ready\",secret:t},\"*\")},!1)))}(window,document);\n\/\/# sourceURL=https:\/\/vanxhaber.com\/wp-includes\/js\/wp-embed.min.js\n\/* ]]> *\/\n<\/script>\n","thumbnail_url":"https:\/\/vanxhaber.com\/wp-content\/uploads\/2024\/01\/van-haber.jpg","thumbnail_width":641,"thumbnail_height":380,"description":"Van \u0130l Koordinasyon Kurulu 2024 y\u0131l\u0131n\u0131n 1. D\u00f6nem toplant\u0131s\u0131 Vali Yard\u0131mc\u0131s\u0131 Murat Yayaba\u015f\u0131 ba\u015fkanl\u0131\u011f\u0131nda yap\u0131ld\u0131. Van \u0130l Tar\u0131m ve Orman M\u00fcd\u00fcrl\u00fc\u011f\u00fc Konferans Salonu\u2019nda yap\u0131lan toplant\u0131ya \u0130l Planlama ve Koordinasyon M\u00fcd\u00fcr\u00fc Hasan G\u00fcltakar, kamu kurumlar\u0131n\u0131n m\u00fcd\u00fcrleri ve yat\u0131r\u0131mc\u0131 kurulu\u015flar\u0131n temsilcileri kat\u0131ld\u0131. Toplant\u0131n\u0131n a\u00e7\u0131l\u0131\u015f\u0131nda konu\u015fan Vali Yard\u0131mc\u0131s\u0131 Murat Yayaba\u015f\u0131, toplant\u0131n\u0131n hay\u0131rl\u0131 hizmetlere vesile olmas\u0131n\u0131 diledi. Vali Yard\u0131mc\u0131s\u0131 &hellip;"}