{"version":"1.0","provider_name":"Van Haber | Van X Haber | Van Haberleri","provider_url":"https:\/\/vanxhaber.com","author_name":"Van X Haber","author_url":"https:\/\/vanxhaber.com\/index.php\/author\/vangazetesi\/","title":"Van'\u0131n bu il\u00e7esine 3 yeni otob\u00fcs seferi ba\u015fl\u0131yor","type":"rich","width":600,"height":338,"html":"<blockquote class=\"wp-embedded-content\" data-secret=\"xqPvk3tZJz\"><a href=\"https:\/\/vanxhaber.com\/index.php\/2024\/02\/01\/vanin-bu-ilcesine-3-yeni-otobus-seferi-basliyor\/\">Van&#8217;\u0131n bu il\u00e7esine 3 yeni otob\u00fcs seferi ba\u015fl\u0131yor<\/a><\/blockquote><iframe sandbox=\"allow-scripts\" security=\"restricted\" src=\"https:\/\/vanxhaber.com\/index.php\/2024\/02\/01\/vanin-bu-ilcesine-3-yeni-otobus-seferi-basliyor\/embed\/#?secret=xqPvk3tZJz\" width=\"600\" height=\"338\" title=\"&#8220;Van&#8217;\u0131n bu il\u00e7esine 3 yeni otob\u00fcs seferi ba\u015fl\u0131yor&#8221; &#8212; Van Haber | Van X Haber | Van Haberleri\" data-secret=\"xqPvk3tZJz\" frameborder=\"0\" marginwidth=\"0\" marginheight=\"0\" scrolling=\"no\" class=\"wp-embedded-content\"><\/iframe><script type=\"text\/javascript\">\n\/* <![CDATA[ *\/\n\/*! This file is auto-generated *\/\n!function(d,l){\"use strict\";l.querySelector&&d.addEventListener&&\"undefined\"!=typeof URL&&(d.wp=d.wp||{},d.wp.receiveEmbedMessage||(d.wp.receiveEmbedMessage=function(e){var t=e.data;if((t||t.secret||t.message||t.value)&&!\/[^a-zA-Z0-9]\/.test(t.secret)){for(var s,r,n,a=l.querySelectorAll('iframe[data-secret=\"'+t.secret+'\"]'),o=l.querySelectorAll('blockquote[data-secret=\"'+t.secret+'\"]'),c=new RegExp(\"^https?:$\",\"i\"),i=0;i<o.length;i++)o[i].style.display=\"none\";for(i=0;i<a.length;i++)s=a[i],e.source===s.contentWindow&&(s.removeAttribute(\"style\"),\"height\"===t.message?(1e3<(r=parseInt(t.value,10))?r=1e3:~~r<200&&(r=200),s.height=r):\"link\"===t.message&&(r=new URL(s.getAttribute(\"src\")),n=new URL(t.value),c.test(n.protocol))&&n.host===r.host&&l.activeElement===s&&(d.top.location.href=t.value))}},d.addEventListener(\"message\",d.wp.receiveEmbedMessage,!1),l.addEventListener(\"DOMContentLoaded\",function(){for(var e,t,s=l.querySelectorAll(\"iframe.wp-embedded-content\"),r=0;r<s.length;r++)(t=(e=s[r]).getAttribute(\"data-secret\"))||(t=Math.random().toString(36).substring(2,12),e.src+=\"#?secret=\"+t,e.setAttribute(\"data-secret\",t)),e.contentWindow.postMessage({message:\"ready\",secret:t},\"*\")},!1)))}(window,document);\n\/\/# sourceURL=https:\/\/vanxhaber.com\/wp-includes\/js\/wp-embed.min.js\n\/* ]]> *\/\n<\/script>\n","thumbnail_url":"https:\/\/vanxhaber.com\/wp-content\/uploads\/2024\/02\/otobus-seferleri.jpg","thumbnail_width":641,"thumbnail_height":380,"description":"Van B\u00fcy\u00fck\u015fehir Belediyesi taraf\u0131ndan il merkezi ve il\u00e7elerde ula\u015f\u0131m a\u011f\u0131 geni\u015fletiliyor. Van\u2019\u0131n G\u00fcrp\u0131nar il\u00e7esine ba\u011fl\u0131 3 mahalleye otob\u00fcs seferleri ba\u015fl\u0131yor. AK Parti G\u00fcrp\u0131nar \u0130l\u00e7e Ba\u015fkanl\u0131\u011f\u0131 taraf\u0131ndan yap\u0131lan payla\u015f\u0131mda, yar\u0131ndan itibaren Ho\u015fap, Zernek ve \u00c7avu\u015ftepe mahallelerine otob\u00fcs seferlerinin ba\u015flayaca\u011f\u0131 duyuruldu.AK Parti G\u00fcrp\u0131nar \u0130l\u00e7e Ba\u015fkanl\u0131\u011f\u0131 taraf\u0131ndan yap\u0131lan payla\u015f\u0131mda, \u201cM\u00fcjde! Van B\u00fcy\u00fck\u015fehir Belediyesi taraf\u0131ndan il\u00e7emizin Ho\u015fab, Zernek ve &hellip;"}