{"version":"1.0","provider_name":"Van Haber | Van X Haber | Van Haberleri","provider_url":"https:\/\/vanxhaber.com","author_name":"Van X Haber","author_url":"https:\/\/vanxhaber.com\/index.php\/author\/vangazetesi\/","title":"Van Polisi'ne \u00e7\u0131\u011f e\u011fitimi veriliyor","type":"rich","width":600,"height":338,"html":"<blockquote class=\"wp-embedded-content\" data-secret=\"3Z3ei20Mdk\"><a href=\"https:\/\/vanxhaber.com\/index.php\/2024\/02\/09\/van-polisine-cig-egitimi-veriliyor\/\">Van Polisi&#8217;ne \u00e7\u0131\u011f e\u011fitimi veriliyor<\/a><\/blockquote><iframe sandbox=\"allow-scripts\" security=\"restricted\" src=\"https:\/\/vanxhaber.com\/index.php\/2024\/02\/09\/van-polisine-cig-egitimi-veriliyor\/embed\/#?secret=3Z3ei20Mdk\" width=\"600\" height=\"338\" title=\"&#8220;Van Polisi&#8217;ne \u00e7\u0131\u011f e\u011fitimi veriliyor&#8221; &#8212; Van Haber | Van X Haber | Van Haberleri\" data-secret=\"3Z3ei20Mdk\" frameborder=\"0\" marginwidth=\"0\" marginheight=\"0\" scrolling=\"no\" class=\"wp-embedded-content\"><\/iframe><script type=\"text\/javascript\">\n\/* <![CDATA[ *\/\n\/*! This file is auto-generated *\/\n!function(d,l){\"use strict\";l.querySelector&&d.addEventListener&&\"undefined\"!=typeof URL&&(d.wp=d.wp||{},d.wp.receiveEmbedMessage||(d.wp.receiveEmbedMessage=function(e){var t=e.data;if((t||t.secret||t.message||t.value)&&!\/[^a-zA-Z0-9]\/.test(t.secret)){for(var s,r,n,a=l.querySelectorAll('iframe[data-secret=\"'+t.secret+'\"]'),o=l.querySelectorAll('blockquote[data-secret=\"'+t.secret+'\"]'),c=new RegExp(\"^https?:$\",\"i\"),i=0;i<o.length;i++)o[i].style.display=\"none\";for(i=0;i<a.length;i++)s=a[i],e.source===s.contentWindow&&(s.removeAttribute(\"style\"),\"height\"===t.message?(1e3<(r=parseInt(t.value,10))?r=1e3:~~r<200&&(r=200),s.height=r):\"link\"===t.message&&(r=new URL(s.getAttribute(\"src\")),n=new URL(t.value),c.test(n.protocol))&&n.host===r.host&&l.activeElement===s&&(d.top.location.href=t.value))}},d.addEventListener(\"message\",d.wp.receiveEmbedMessage,!1),l.addEventListener(\"DOMContentLoaded\",function(){for(var e,t,s=l.querySelectorAll(\"iframe.wp-embedded-content\"),r=0;r<s.length;r++)(t=(e=s[r]).getAttribute(\"data-secret\"))||(t=Math.random().toString(36).substring(2,12),e.src+=\"#?secret=\"+t,e.setAttribute(\"data-secret\",t)),e.contentWindow.postMessage({message:\"ready\",secret:t},\"*\")},!1)))}(window,document);\n\/\/# sourceURL=https:\/\/vanxhaber.com\/wp-includes\/js\/wp-embed.min.js\n\/* ]]> *\/\n<\/script>\n","thumbnail_url":"https:\/\/vanxhaber.com\/wp-content\/uploads\/2024\/02\/cig-egitimi.jpg","thumbnail_width":641,"thumbnail_height":380,"description":"Van\u2019da muhtemel \u00e7\u0131\u011f facialar\u0131nda can kay\u0131plar\u0131n\u0131n \u00f6nlenmesi amac\u0131yla emniyet te\u015fkilat\u0131nda g\u00f6revli Polis \u00d6zel Harekat (P\u00d6H) personeline arama kurtarmada g\u00f6rev almalar\u0131 i\u00e7in e\u011fitim veriliyor. Afet ve Acil Durum Y\u00f6netimi Ba\u015fkanl\u0131\u011f\u0131 (AFAD) taraf\u0131ndan \u00f6nceki y\u0131llarda Van\u2019da \u00e7\u0131\u011f b\u00f6lgelerinin fizibilite \u00e7al\u0131\u015fmas\u0131 ger\u00e7ekle\u015ftirilmi\u015f ve bu kapsamda Bah\u00e7esaray, \u00c7atak, Ba\u015fkale ve Muradiye il\u00e7elerinin \u00e7\u0131\u011f tehlikesi a\u00e7\u0131s\u0131ndan \u2018\u00e7ok riskli\u2019 oldu\u011fu tespit &hellip;"}