{"version":"1.0","provider_name":"Van Haber | Van X Haber | Van Haberleri","provider_url":"https:\/\/vanxhaber.com","author_name":"Van X Haber","author_url":"https:\/\/vanxhaber.com\/index.php\/author\/vangazetesi\/","title":"Van\u2019da g\u00f6\u011f\u00fcs a\u011fr\u0131s\u0131 olan hasta i\u00e7in helikopter havaland\u0131","type":"rich","width":600,"height":338,"html":"<blockquote class=\"wp-embedded-content\" data-secret=\"fxloDwYwB1\"><a href=\"https:\/\/vanxhaber.com\/index.php\/2024\/02\/12\/vanda-gogus-agrisi-olan-hasta-icin-helikopter-havalandi\/\">Van\u2019da g\u00f6\u011f\u00fcs a\u011fr\u0131s\u0131 olan hasta i\u00e7in helikopter havaland\u0131<\/a><\/blockquote><iframe sandbox=\"allow-scripts\" security=\"restricted\" src=\"https:\/\/vanxhaber.com\/index.php\/2024\/02\/12\/vanda-gogus-agrisi-olan-hasta-icin-helikopter-havalandi\/embed\/#?secret=fxloDwYwB1\" width=\"600\" height=\"338\" title=\"&#8220;Van\u2019da g\u00f6\u011f\u00fcs a\u011fr\u0131s\u0131 olan hasta i\u00e7in helikopter havaland\u0131&#8221; &#8212; Van Haber | Van X Haber | Van Haberleri\" data-secret=\"fxloDwYwB1\" frameborder=\"0\" marginwidth=\"0\" marginheight=\"0\" scrolling=\"no\" class=\"wp-embedded-content\"><\/iframe><script type=\"text\/javascript\">\n\/* <![CDATA[ *\/\n\/*! This file is auto-generated *\/\n!function(d,l){\"use strict\";l.querySelector&&d.addEventListener&&\"undefined\"!=typeof URL&&(d.wp=d.wp||{},d.wp.receiveEmbedMessage||(d.wp.receiveEmbedMessage=function(e){var t=e.data;if((t||t.secret||t.message||t.value)&&!\/[^a-zA-Z0-9]\/.test(t.secret)){for(var s,r,n,a=l.querySelectorAll('iframe[data-secret=\"'+t.secret+'\"]'),o=l.querySelectorAll('blockquote[data-secret=\"'+t.secret+'\"]'),c=new RegExp(\"^https?:$\",\"i\"),i=0;i<o.length;i++)o[i].style.display=\"none\";for(i=0;i<a.length;i++)s=a[i],e.source===s.contentWindow&&(s.removeAttribute(\"style\"),\"height\"===t.message?(1e3<(r=parseInt(t.value,10))?r=1e3:~~r<200&&(r=200),s.height=r):\"link\"===t.message&&(r=new URL(s.getAttribute(\"src\")),n=new URL(t.value),c.test(n.protocol))&&n.host===r.host&&l.activeElement===s&&(d.top.location.href=t.value))}},d.addEventListener(\"message\",d.wp.receiveEmbedMessage,!1),l.addEventListener(\"DOMContentLoaded\",function(){for(var e,t,s=l.querySelectorAll(\"iframe.wp-embedded-content\"),r=0;r<s.length;r++)(t=(e=s[r]).getAttribute(\"data-secret\"))||(t=Math.random().toString(36).substring(2,12),e.src+=\"#?secret=\"+t,e.setAttribute(\"data-secret\",t)),e.contentWindow.postMessage({message:\"ready\",secret:t},\"*\")},!1)))}(window,document);\n\/\/# sourceURL=https:\/\/vanxhaber.com\/wp-includes\/js\/wp-embed.min.js\n\/* ]]> *\/\n<\/script>\n","thumbnail_url":"https:\/\/vanxhaber.com\/wp-content\/uploads\/2024\/02\/van-saglik-ekipleri.jpg","thumbnail_width":641,"thumbnail_height":380,"description":"Van\u2019\u0131n Ba\u015fkale il\u00e7esinde g\u00f6\u011f\u00fcs a\u011fr\u0131s\u0131 \u015fikayeti olan 65 ya\u015f\u0131ndaki hasta, ambulans helikopterle hastaneye kald\u0131r\u0131ld\u0131. Ba\u015fkale Devlet Hastanesine g\u00f6\u011f\u00fcs a\u011fr\u0131s\u0131 \u015fikayetiyle gelen hastan\u0131n ileri tetkik ve tedavisine karar verildi. Kara yoluyla ula\u015f\u0131m\u0131n problemli olmas\u0131 nedeniyle b\u00f6lgeye ambulans helikopter g\u00f6revlendirildi. Ya\u015fl\u0131 hasta, hastane yak\u0131n\u0131na inen ambulans helikopterle Van E\u011fitim ve Ara\u015ft\u0131rma Hastanesine sevk edildi."}