{"version":"1.0","provider_name":"Van Haber | Van X Haber | Van Haberleri","provider_url":"https:\/\/vanxhaber.com","author_name":"Van X Haber","author_url":"https:\/\/vanxhaber.com\/index.php\/author\/vangazetesi\/","title":"\u00d6zalpl\u0131 \u00f6\u011frenci bilek g\u00fcre\u015finde birinci oldu","type":"rich","width":600,"height":338,"html":"<blockquote class=\"wp-embedded-content\" data-secret=\"Q7lUhVzvRL\"><a href=\"https:\/\/vanxhaber.com\/index.php\/2024\/02\/13\/ozalpli-ogrenci-bilek-guresinde-birinci-oldu\/\">\u00d6zalpl\u0131 \u00f6\u011frenci bilek g\u00fcre\u015finde birinci oldu<\/a><\/blockquote><iframe sandbox=\"allow-scripts\" security=\"restricted\" src=\"https:\/\/vanxhaber.com\/index.php\/2024\/02\/13\/ozalpli-ogrenci-bilek-guresinde-birinci-oldu\/embed\/#?secret=Q7lUhVzvRL\" width=\"600\" height=\"338\" title=\"&#8220;\u00d6zalpl\u0131 \u00f6\u011frenci bilek g\u00fcre\u015finde birinci oldu&#8221; &#8212; Van Haber | Van X Haber | Van Haberleri\" data-secret=\"Q7lUhVzvRL\" frameborder=\"0\" marginwidth=\"0\" marginheight=\"0\" scrolling=\"no\" class=\"wp-embedded-content\"><\/iframe><script type=\"text\/javascript\">\n\/* <![CDATA[ *\/\n\/*! This file is auto-generated *\/\n!function(d,l){\"use strict\";l.querySelector&&d.addEventListener&&\"undefined\"!=typeof URL&&(d.wp=d.wp||{},d.wp.receiveEmbedMessage||(d.wp.receiveEmbedMessage=function(e){var t=e.data;if((t||t.secret||t.message||t.value)&&!\/[^a-zA-Z0-9]\/.test(t.secret)){for(var s,r,n,a=l.querySelectorAll('iframe[data-secret=\"'+t.secret+'\"]'),o=l.querySelectorAll('blockquote[data-secret=\"'+t.secret+'\"]'),c=new RegExp(\"^https?:$\",\"i\"),i=0;i<o.length;i++)o[i].style.display=\"none\";for(i=0;i<a.length;i++)s=a[i],e.source===s.contentWindow&&(s.removeAttribute(\"style\"),\"height\"===t.message?(1e3<(r=parseInt(t.value,10))?r=1e3:~~r<200&&(r=200),s.height=r):\"link\"===t.message&&(r=new URL(s.getAttribute(\"src\")),n=new URL(t.value),c.test(n.protocol))&&n.host===r.host&&l.activeElement===s&&(d.top.location.href=t.value))}},d.addEventListener(\"message\",d.wp.receiveEmbedMessage,!1),l.addEventListener(\"DOMContentLoaded\",function(){for(var e,t,s=l.querySelectorAll(\"iframe.wp-embedded-content\"),r=0;r<s.length;r++)(t=(e=s[r]).getAttribute(\"data-secret\"))||(t=Math.random().toString(36).substring(2,12),e.src+=\"#?secret=\"+t,e.setAttribute(\"data-secret\",t)),e.contentWindow.postMessage({message:\"ready\",secret:t},\"*\")},!1)))}(window,document);\n\/\/# sourceURL=https:\/\/vanxhaber.com\/wp-includes\/js\/wp-embed.min.js\n\/* ]]> *\/\n<\/script>\n","thumbnail_url":"https:\/\/vanxhaber.com\/wp-content\/uploads\/2024\/02\/guresciler.jpg","thumbnail_width":641,"thumbnail_height":380,"description":"Van\u2019da d\u00fczenlenen okullar aras\u0131 bilek g\u00fcre\u015fi turnuvas\u0131nda \u00d6zalp Yat\u0131l\u0131 B\u00f6lge Okulu (Y\u0130BO) \u00f6\u011frencisi il birincisi oldu. Tu\u015fba Gen\u00e7lik Merkezi\u2019nde d\u00fczenlenen okullar\u0131 aras\u0131 bilek g\u00fcre\u015fi turnuvas\u0131nda Y\u0130BO \u00f6\u011frencisi Muhammet Efrahim Kep sol kolda Van birincisi, sa\u011f kolda ise Van \u00fc\u00e7\u00fcnc\u00fcs\u00fc oldu. Ayn\u0131 okulda okuyan Bedirhan Genez hem sa\u011f hem de sol kolda Van \u00fc\u00e7\u00fcnc\u00fcs\u00fc, Enes Ekber &hellip;"}