{"version":"1.0","provider_name":"Van Haber | Van X Haber | Van Haberleri","provider_url":"https:\/\/vanxhaber.com","author_name":"Van X Haber","author_url":"https:\/\/vanxhaber.com\/index.php\/author\/vangazetesi\/","title":"Van'da 8 bin 583 \u00f6\u011frenciye trafik e\u011fitimi verildi","type":"rich","width":600,"height":338,"html":"<blockquote class=\"wp-embedded-content\" data-secret=\"cQpujo0lzn\"><a href=\"https:\/\/vanxhaber.com\/index.php\/2024\/02\/13\/vanda-8-bin-583-ogrenciye-trafik-egitimi-verildi\/\">Van&#8217;da 8 bin 583 \u00f6\u011frenciye trafik e\u011fitimi verildi<\/a><\/blockquote><iframe sandbox=\"allow-scripts\" security=\"restricted\" src=\"https:\/\/vanxhaber.com\/index.php\/2024\/02\/13\/vanda-8-bin-583-ogrenciye-trafik-egitimi-verildi\/embed\/#?secret=cQpujo0lzn\" width=\"600\" height=\"338\" title=\"&#8220;Van&#8217;da 8 bin 583 \u00f6\u011frenciye trafik e\u011fitimi verildi&#8221; &#8212; Van Haber | Van X Haber | Van Haberleri\" data-secret=\"cQpujo0lzn\" frameborder=\"0\" marginwidth=\"0\" marginheight=\"0\" scrolling=\"no\" class=\"wp-embedded-content\"><\/iframe><script type=\"text\/javascript\">\n\/* <![CDATA[ *\/\n\/*! This file is auto-generated *\/\n!function(d,l){\"use strict\";l.querySelector&&d.addEventListener&&\"undefined\"!=typeof URL&&(d.wp=d.wp||{},d.wp.receiveEmbedMessage||(d.wp.receiveEmbedMessage=function(e){var t=e.data;if((t||t.secret||t.message||t.value)&&!\/[^a-zA-Z0-9]\/.test(t.secret)){for(var s,r,n,a=l.querySelectorAll('iframe[data-secret=\"'+t.secret+'\"]'),o=l.querySelectorAll('blockquote[data-secret=\"'+t.secret+'\"]'),c=new RegExp(\"^https?:$\",\"i\"),i=0;i<o.length;i++)o[i].style.display=\"none\";for(i=0;i<a.length;i++)s=a[i],e.source===s.contentWindow&&(s.removeAttribute(\"style\"),\"height\"===t.message?(1e3<(r=parseInt(t.value,10))?r=1e3:~~r<200&&(r=200),s.height=r):\"link\"===t.message&&(r=new URL(s.getAttribute(\"src\")),n=new URL(t.value),c.test(n.protocol))&&n.host===r.host&&l.activeElement===s&&(d.top.location.href=t.value))}},d.addEventListener(\"message\",d.wp.receiveEmbedMessage,!1),l.addEventListener(\"DOMContentLoaded\",function(){for(var e,t,s=l.querySelectorAll(\"iframe.wp-embedded-content\"),r=0;r<s.length;r++)(t=(e=s[r]).getAttribute(\"data-secret\"))||(t=Math.random().toString(36).substring(2,12),e.src+=\"#?secret=\"+t,e.setAttribute(\"data-secret\",t)),e.contentWindow.postMessage({message:\"ready\",secret:t},\"*\")},!1)))}(window,document);\n\/\/# sourceURL=https:\/\/vanxhaber.com\/wp-includes\/js\/wp-embed.min.js\n\/* ]]> *\/\n<\/script>\n","thumbnail_url":"https:\/\/vanxhaber.com\/wp-content\/uploads\/2024\/02\/van-polisinden-egitim.jpg","thumbnail_width":641,"thumbnail_height":380,"description":"Van&#8217;da jandarma ekipleri, trafik bilincinin art\u0131r\u0131lmas\u0131 amac\u0131yla ge\u00e7en y\u0131l 8 bin 583 \u00f6\u011frenciye trafik e\u011fitimi verdi. Van \u0130l Jandarma Komutanl\u0131\u011f\u0131 ekipleri, trafikte can ve mal kayb\u0131n\u0131n \u00f6nlenmesine y\u00f6nelik faaliyetlerini s\u00fcrd\u00fcr\u00fcyor. Kentte trafik bilincinin art\u0131r\u0131lmas\u0131na y\u00f6nelik \u00e7al\u0131\u015fma y\u00fcr\u00fcten ekipler, s\u0131k s\u0131k okullar\u0131 ziyaret ederek \u00f6\u011frencilerle bir araya geliyor, e\u011fitim faaliyetleri d\u00fczenliyor. Trafik G\u00fcvenli\u011fi Eylem Plan\u0131 kapsam\u0131nda &hellip;"}