{"version":"1.0","provider_name":"Van Haber | Van X Haber | Van Haberleri","provider_url":"https:\/\/vanxhaber.com","author_name":"Van X Haber","author_url":"https:\/\/vanxhaber.com\/index.php\/author\/vangazetesi\/","title":"Deva partisi Van'da se\u00e7,im \u00e7al\u0131\u015fmalar\u0131na ba\u015flad\u0131","type":"rich","width":600,"height":338,"html":"<blockquote class=\"wp-embedded-content\" data-secret=\"Vylwd50cdV\"><a href=\"https:\/\/vanxhaber.com\/index.php\/2024\/02\/21\/deva-partisi-vanda-secim-calismalarina-basladi\/\">Deva partisi Van&#8217;da se\u00e7,im \u00e7al\u0131\u015fmalar\u0131na ba\u015flad\u0131<\/a><\/blockquote><iframe sandbox=\"allow-scripts\" security=\"restricted\" src=\"https:\/\/vanxhaber.com\/index.php\/2024\/02\/21\/deva-partisi-vanda-secim-calismalarina-basladi\/embed\/#?secret=Vylwd50cdV\" width=\"600\" height=\"338\" title=\"&#8220;Deva partisi Van&#8217;da se\u00e7,im \u00e7al\u0131\u015fmalar\u0131na ba\u015flad\u0131&#8221; &#8212; Van Haber | Van X Haber | Van Haberleri\" data-secret=\"Vylwd50cdV\" frameborder=\"0\" marginwidth=\"0\" marginheight=\"0\" scrolling=\"no\" class=\"wp-embedded-content\"><\/iframe><script type=\"text\/javascript\">\n\/* <![CDATA[ *\/\n\/*! This file is auto-generated *\/\n!function(d,l){\"use strict\";l.querySelector&&d.addEventListener&&\"undefined\"!=typeof URL&&(d.wp=d.wp||{},d.wp.receiveEmbedMessage||(d.wp.receiveEmbedMessage=function(e){var t=e.data;if((t||t.secret||t.message||t.value)&&!\/[^a-zA-Z0-9]\/.test(t.secret)){for(var s,r,n,a=l.querySelectorAll('iframe[data-secret=\"'+t.secret+'\"]'),o=l.querySelectorAll('blockquote[data-secret=\"'+t.secret+'\"]'),c=new RegExp(\"^https?:$\",\"i\"),i=0;i<o.length;i++)o[i].style.display=\"none\";for(i=0;i<a.length;i++)s=a[i],e.source===s.contentWindow&&(s.removeAttribute(\"style\"),\"height\"===t.message?(1e3<(r=parseInt(t.value,10))?r=1e3:~~r<200&&(r=200),s.height=r):\"link\"===t.message&&(r=new URL(s.getAttribute(\"src\")),n=new URL(t.value),c.test(n.protocol))&&n.host===r.host&&l.activeElement===s&&(d.top.location.href=t.value))}},d.addEventListener(\"message\",d.wp.receiveEmbedMessage,!1),l.addEventListener(\"DOMContentLoaded\",function(){for(var e,t,s=l.querySelectorAll(\"iframe.wp-embedded-content\"),r=0;r<s.length;r++)(t=(e=s[r]).getAttribute(\"data-secret\"))||(t=Math.random().toString(36).substring(2,12),e.src+=\"#?secret=\"+t,e.setAttribute(\"data-secret\",t)),e.contentWindow.postMessage({message:\"ready\",secret:t},\"*\")},!1)))}(window,document);\n\/\/# sourceURL=https:\/\/vanxhaber.com\/wp-includes\/js\/wp-embed.min.js\n\/* ]]> *\/\n<\/script>\n","thumbnail_url":"https:\/\/vanxhaber.com\/wp-content\/uploads\/2024\/02\/deva-partisi.jpg","thumbnail_width":1110,"thumbnail_height":500,"description":"Demokrasi ve At\u0131l\u0131m Partisi (DEVA) Van \u0130l Ba\u015fkanl\u0131\u011f\u0131, se\u00e7im start\u0131 verdi. 31 Mart\u2019ta yap\u0131lacak olan mahalli idareler se\u00e7imleri kapsam\u0131nda bir araya gelen Deva Partisi Van adaylar\u0131, se\u00e7im start\u0131 vererek sahaya indi. Demokrasi ve At\u0131l\u0131m Partisi (DEVA) Van \u0130l Ba\u015fkanl\u0131\u011f\u0131, se\u00e7im start\u0131 verdi. 31 Mart\u2019ta yap\u0131lacak olan mahalli idareler se\u00e7imleri kapsam\u0131nda bir araya gelen Deva Partisi &hellip;"}