{"version":"1.0","provider_name":"Van Haber | Van X Haber | Van Haberleri","provider_url":"https:\/\/vanxhaber.com","author_name":"Van X Haber","author_url":"https:\/\/vanxhaber.com\/index.php\/author\/vangazetesi\/","title":"Ervan Giyim Ma\u011fazas\u0131 Van\u2019da A\u00e7\u0131ld\u0131","type":"rich","width":600,"height":338,"html":"<blockquote class=\"wp-embedded-content\" data-secret=\"PjXv3KWZRj\"><a href=\"https:\/\/vanxhaber.com\/index.php\/2024\/02\/21\/ervan-giyim-magazasi-vanda-acildi\/\">Ervan Giyim Ma\u011fazas\u0131 Van\u2019da A\u00e7\u0131ld\u0131<\/a><\/blockquote><iframe sandbox=\"allow-scripts\" security=\"restricted\" src=\"https:\/\/vanxhaber.com\/index.php\/2024\/02\/21\/ervan-giyim-magazasi-vanda-acildi\/embed\/#?secret=PjXv3KWZRj\" width=\"600\" height=\"338\" title=\"&#8220;Ervan Giyim Ma\u011fazas\u0131 Van\u2019da A\u00e7\u0131ld\u0131&#8221; &#8212; Van Haber | Van X Haber | Van Haberleri\" data-secret=\"PjXv3KWZRj\" frameborder=\"0\" marginwidth=\"0\" marginheight=\"0\" scrolling=\"no\" class=\"wp-embedded-content\"><\/iframe><script type=\"text\/javascript\">\n\/* <![CDATA[ *\/\n\/*! This file is auto-generated *\/\n!function(d,l){\"use strict\";l.querySelector&&d.addEventListener&&\"undefined\"!=typeof URL&&(d.wp=d.wp||{},d.wp.receiveEmbedMessage||(d.wp.receiveEmbedMessage=function(e){var t=e.data;if((t||t.secret||t.message||t.value)&&!\/[^a-zA-Z0-9]\/.test(t.secret)){for(var s,r,n,a=l.querySelectorAll('iframe[data-secret=\"'+t.secret+'\"]'),o=l.querySelectorAll('blockquote[data-secret=\"'+t.secret+'\"]'),c=new RegExp(\"^https?:$\",\"i\"),i=0;i<o.length;i++)o[i].style.display=\"none\";for(i=0;i<a.length;i++)s=a[i],e.source===s.contentWindow&&(s.removeAttribute(\"style\"),\"height\"===t.message?(1e3<(r=parseInt(t.value,10))?r=1e3:~~r<200&&(r=200),s.height=r):\"link\"===t.message&&(r=new URL(s.getAttribute(\"src\")),n=new URL(t.value),c.test(n.protocol))&&n.host===r.host&&l.activeElement===s&&(d.top.location.href=t.value))}},d.addEventListener(\"message\",d.wp.receiveEmbedMessage,!1),l.addEventListener(\"DOMContentLoaded\",function(){for(var e,t,s=l.querySelectorAll(\"iframe.wp-embedded-content\"),r=0;r<s.length;r++)(t=(e=s[r]).getAttribute(\"data-secret\"))||(t=Math.random().toString(36).substring(2,12),e.src+=\"#?secret=\"+t,e.setAttribute(\"data-secret\",t)),e.contentWindow.postMessage({message:\"ready\",secret:t},\"*\")},!1)))}(window,document);\n\/\/# sourceURL=https:\/\/vanxhaber.com\/wp-includes\/js\/wp-embed.min.js\n\/* ]]> *\/\n<\/script>\n","thumbnail_url":"https:\/\/vanxhaber.com\/wp-content\/uploads\/2024\/02\/ervan-giyim-vanda-acildi.jpg","thumbnail_width":1110,"thumbnail_height":500,"description":"Van ilinde giyim ma\u011fazas\u0131 yetkilileri \u201cSe\u00e7kin\u201d giyim markalar\u0131n\u0131 Ervan giyim ile bulu\u015fturdu. Van ili \u0130pekyolu il\u00e7esi S\u0131hke Caddesi&#8217;nde konumlanan Ervan Giyim Ma\u011fazas\u0131, \u015f\u0131k ve modern tasar\u0131mlar\u0131yla dikkat \u00e7ekiyor. Erkekler ve kad\u0131nlar i\u00e7in geni\u015f bir \u00fcr\u00fcn yelpazesi sunan ma\u011faza, giyimden kozmeti\u011fe kadar bir\u00e7ok \u00fcr\u00fcn\u00fc bulabilece\u011finiz bir al\u0131\u015fveri\u015f destinasyonu olarak \u00f6ne \u00e7\u0131k\u0131yor. Erkek giyim b\u00f6l\u00fcm\u00fcnde, g\u00fcnl\u00fck kullan\u0131ma &hellip;"}