{"version":"1.0","provider_name":"Van Haber | Van X Haber | Van Haberleri","provider_url":"https:\/\/vanxhaber.com","author_name":"Van X Haber","author_url":"https:\/\/vanxhaber.com\/index.php\/author\/vangazetesi\/","title":"Van s\u0131n\u0131r\u0131nda deprem","type":"rich","width":600,"height":338,"html":"<blockquote class=\"wp-embedded-content\" data-secret=\"aNs1LCvVFa\"><a href=\"https:\/\/vanxhaber.com\/index.php\/2024\/02\/21\/van-sinirinda-deprem\/\">Van s\u0131n\u0131r\u0131nda deprem<\/a><\/blockquote><iframe sandbox=\"allow-scripts\" security=\"restricted\" src=\"https:\/\/vanxhaber.com\/index.php\/2024\/02\/21\/van-sinirinda-deprem\/embed\/#?secret=aNs1LCvVFa\" width=\"600\" height=\"338\" title=\"&#8220;Van s\u0131n\u0131r\u0131nda deprem&#8221; &#8212; Van Haber | Van X Haber | Van Haberleri\" data-secret=\"aNs1LCvVFa\" frameborder=\"0\" marginwidth=\"0\" marginheight=\"0\" scrolling=\"no\" class=\"wp-embedded-content\"><\/iframe><script type=\"text\/javascript\">\n\/* <![CDATA[ *\/\n\/*! This file is auto-generated *\/\n!function(d,l){\"use strict\";l.querySelector&&d.addEventListener&&\"undefined\"!=typeof URL&&(d.wp=d.wp||{},d.wp.receiveEmbedMessage||(d.wp.receiveEmbedMessage=function(e){var t=e.data;if((t||t.secret||t.message||t.value)&&!\/[^a-zA-Z0-9]\/.test(t.secret)){for(var s,r,n,a=l.querySelectorAll('iframe[data-secret=\"'+t.secret+'\"]'),o=l.querySelectorAll('blockquote[data-secret=\"'+t.secret+'\"]'),c=new RegExp(\"^https?:$\",\"i\"),i=0;i<o.length;i++)o[i].style.display=\"none\";for(i=0;i<a.length;i++)s=a[i],e.source===s.contentWindow&&(s.removeAttribute(\"style\"),\"height\"===t.message?(1e3<(r=parseInt(t.value,10))?r=1e3:~~r<200&&(r=200),s.height=r):\"link\"===t.message&&(r=new URL(s.getAttribute(\"src\")),n=new URL(t.value),c.test(n.protocol))&&n.host===r.host&&l.activeElement===s&&(d.top.location.href=t.value))}},d.addEventListener(\"message\",d.wp.receiveEmbedMessage,!1),l.addEventListener(\"DOMContentLoaded\",function(){for(var e,t,s=l.querySelectorAll(\"iframe.wp-embedded-content\"),r=0;r<s.length;r++)(t=(e=s[r]).getAttribute(\"data-secret\"))||(t=Math.random().toString(36).substring(2,12),e.src+=\"#?secret=\"+t,e.setAttribute(\"data-secret\",t)),e.contentWindow.postMessage({message:\"ready\",secret:t},\"*\")},!1)))}(window,document);\n\/\/# sourceURL=https:\/\/vanxhaber.com\/wp-includes\/js\/wp-embed.min.js\n\/* ]]> *\/\n<\/script>\n","thumbnail_url":"https:\/\/vanxhaber.com\/wp-content\/uploads\/2024\/02\/deprem.jpg","thumbnail_width":1110,"thumbnail_height":500,"description":"Van s\u0131n\u0131r\u0131nda bulunan \u0130ran\u2019\u0131n Xoy kentinde 3,9 b\u00fcy\u00fckl\u00fc\u011f\u00fcnde deprem meydana geldi. \u0130ran\u2019\u0131n Urmiye vilayetine bapl\u0131 Xoy kentinde 3,9 b\u00fcy\u00fckl\u00fc\u011f\u00fcnde deprem ya\u015fand\u0131. Deprem, 39 kilometre uzakl\u0131ktaki Van ve \u00e7evre illerden de hissedildi. Afet ve Acil Durum Y\u00f6netimi Ba\u015fkanl\u0131\u011f\u0131n\u0131n internet sitesinde yer alan a\u00e7\u0131klamaya g\u00f6re, saat 22.44\u2019te meydana gelen deprem yerin 7 kilometre derinli\u011finde ger\u00e7ekle\u015fti."}