{"version":"1.0","provider_name":"Van Haber | Van X Haber | Van Haberleri","provider_url":"https:\/\/vanxhaber.com","author_name":"Van X Haber","author_url":"https:\/\/vanxhaber.com\/index.php\/author\/vangazetesi\/","title":"Van\u2019da 30 bin aileye ula\u015f\u0131ld\u0131","type":"rich","width":600,"height":338,"html":"<blockquote class=\"wp-embedded-content\" data-secret=\"rISchyY7f7\"><a href=\"https:\/\/vanxhaber.com\/index.php\/2024\/02\/28\/vanda-30-bin-aileye-ulasildi\/\">Van\u2019da 30 bin aileye ula\u015f\u0131ld\u0131<\/a><\/blockquote><iframe sandbox=\"allow-scripts\" security=\"restricted\" src=\"https:\/\/vanxhaber.com\/index.php\/2024\/02\/28\/vanda-30-bin-aileye-ulasildi\/embed\/#?secret=rISchyY7f7\" width=\"600\" height=\"338\" title=\"&#8220;Van\u2019da 30 bin aileye ula\u015f\u0131ld\u0131&#8221; &#8212; Van Haber | Van X Haber | Van Haberleri\" data-secret=\"rISchyY7f7\" frameborder=\"0\" marginwidth=\"0\" marginheight=\"0\" scrolling=\"no\" class=\"wp-embedded-content\"><\/iframe><script type=\"text\/javascript\">\n\/* <![CDATA[ *\/\n\/*! This file is auto-generated *\/\n!function(d,l){\"use strict\";l.querySelector&&d.addEventListener&&\"undefined\"!=typeof URL&&(d.wp=d.wp||{},d.wp.receiveEmbedMessage||(d.wp.receiveEmbedMessage=function(e){var t=e.data;if((t||t.secret||t.message||t.value)&&!\/[^a-zA-Z0-9]\/.test(t.secret)){for(var s,r,n,a=l.querySelectorAll('iframe[data-secret=\"'+t.secret+'\"]'),o=l.querySelectorAll('blockquote[data-secret=\"'+t.secret+'\"]'),c=new RegExp(\"^https?:$\",\"i\"),i=0;i<o.length;i++)o[i].style.display=\"none\";for(i=0;i<a.length;i++)s=a[i],e.source===s.contentWindow&&(s.removeAttribute(\"style\"),\"height\"===t.message?(1e3<(r=parseInt(t.value,10))?r=1e3:~~r<200&&(r=200),s.height=r):\"link\"===t.message&&(r=new URL(s.getAttribute(\"src\")),n=new URL(t.value),c.test(n.protocol))&&n.host===r.host&&l.activeElement===s&&(d.top.location.href=t.value))}},d.addEventListener(\"message\",d.wp.receiveEmbedMessage,!1),l.addEventListener(\"DOMContentLoaded\",function(){for(var e,t,s=l.querySelectorAll(\"iframe.wp-embedded-content\"),r=0;r<s.length;r++)(t=(e=s[r]).getAttribute(\"data-secret\"))||(t=Math.random().toString(36).substring(2,12),e.src+=\"#?secret=\"+t,e.setAttribute(\"data-secret\",t)),e.contentWindow.postMessage({message:\"ready\",secret:t},\"*\")},!1)))}(window,document);\n\/\/# sourceURL=https:\/\/vanxhaber.com\/wp-includes\/js\/wp-embed.min.js\n\/* ]]> *\/\n<\/script>\n","thumbnail_url":"https:\/\/vanxhaber.com\/wp-content\/uploads\/2024\/02\/van-kadin-yasam.jpg","thumbnail_width":1110,"thumbnail_height":500,"description":"Van Valili\u011fi himayelerinde ba\u015flat\u0131lan, Van YY\u00dc ile B\u00fcy\u00fck\u015fehir Belediyesi Kad\u0131n ve Aile Hizmetleri Daire Ba\u015fkanl\u0131\u011f\u0131 taraf\u0131ndan y\u00fcr\u00fct\u00fclen \u2018Aile Akademisi\u2019 projesinde 30 bin aileye ula\u015f\u0131ld\u0131. Van\u2019da 15 Eyl\u00fcl 2023 tarihinde ba\u015flat\u0131lan ve T\u00fcrkiye\u2019de bir ilk olan \u2018Aile Akademisi\u2019 projesi ile aileler bilin\u00e7lendiriliyor. Yakla\u015f\u0131k 6 ayl\u0131k s\u00fcre i\u00e7erisinde 30 bin aileye ula\u015f\u0131lan projede, hedefin ilk etapta 80 &hellip;"}