{"version":"1.0","provider_name":"Van Haber | Van X Haber | Van Haberleri","provider_url":"https:\/\/vanxhaber.com","author_name":"Van X Haber","author_url":"https:\/\/vanxhaber.com\/index.php\/author\/vangazetesi\/","title":"Van\u2019da Kuvvetli R\u00fczgar ve So\u011fuk uyar\u0131s\u0131","type":"rich","width":600,"height":338,"html":"<blockquote class=\"wp-embedded-content\" data-secret=\"Nsx3AisOWo\"><a href=\"https:\/\/vanxhaber.com\/index.php\/2024\/02\/28\/vanda-kuvvetli-ruzgar-ve-soguk-uyarisi\/\">Van\u2019da Kuvvetli R\u00fczgar ve So\u011fuk uyar\u0131s\u0131<\/a><\/blockquote><iframe sandbox=\"allow-scripts\" security=\"restricted\" src=\"https:\/\/vanxhaber.com\/index.php\/2024\/02\/28\/vanda-kuvvetli-ruzgar-ve-soguk-uyarisi\/embed\/#?secret=Nsx3AisOWo\" width=\"600\" height=\"338\" title=\"&#8220;Van\u2019da Kuvvetli R\u00fczgar ve So\u011fuk uyar\u0131s\u0131&#8221; &#8212; Van Haber | Van X Haber | Van Haberleri\" data-secret=\"Nsx3AisOWo\" frameborder=\"0\" marginwidth=\"0\" marginheight=\"0\" scrolling=\"no\" class=\"wp-embedded-content\"><\/iframe><script type=\"text\/javascript\">\n\/* <![CDATA[ *\/\n\/*! This file is auto-generated *\/\n!function(d,l){\"use strict\";l.querySelector&&d.addEventListener&&\"undefined\"!=typeof URL&&(d.wp=d.wp||{},d.wp.receiveEmbedMessage||(d.wp.receiveEmbedMessage=function(e){var t=e.data;if((t||t.secret||t.message||t.value)&&!\/[^a-zA-Z0-9]\/.test(t.secret)){for(var s,r,n,a=l.querySelectorAll('iframe[data-secret=\"'+t.secret+'\"]'),o=l.querySelectorAll('blockquote[data-secret=\"'+t.secret+'\"]'),c=new RegExp(\"^https?:$\",\"i\"),i=0;i<o.length;i++)o[i].style.display=\"none\";for(i=0;i<a.length;i++)s=a[i],e.source===s.contentWindow&&(s.removeAttribute(\"style\"),\"height\"===t.message?(1e3<(r=parseInt(t.value,10))?r=1e3:~~r<200&&(r=200),s.height=r):\"link\"===t.message&&(r=new URL(s.getAttribute(\"src\")),n=new URL(t.value),c.test(n.protocol))&&n.host===r.host&&l.activeElement===s&&(d.top.location.href=t.value))}},d.addEventListener(\"message\",d.wp.receiveEmbedMessage,!1),l.addEventListener(\"DOMContentLoaded\",function(){for(var e,t,s=l.querySelectorAll(\"iframe.wp-embedded-content\"),r=0;r<s.length;r++)(t=(e=s[r]).getAttribute(\"data-secret\"))||(t=Math.random().toString(36).substring(2,12),e.src+=\"#?secret=\"+t,e.setAttribute(\"data-secret\",t)),e.contentWindow.postMessage({message:\"ready\",secret:t},\"*\")},!1)))}(window,document);\n\/\/# sourceURL=https:\/\/vanxhaber.com\/wp-includes\/js\/wp-embed.min.js\n\/* ]]> *\/\n<\/script>\n","thumbnail_url":"https:\/\/vanxhaber.com\/wp-content\/uploads\/2024\/02\/soguk-hava.jpg","thumbnail_width":1110,"thumbnail_height":500,"description":"Meteoroloji 14. B\u00f6lge M\u00fcd\u00fcrl\u00fc\u011f\u00fc B\u00f6lge Tahmin ve Erken Uyar\u0131 Merkezi (BTUM) meydana gelebilecek \u00e7\u0131\u011f facialar\u0131na kar\u015f\u0131 vatanda\u015flar\u0131 uyard\u0131. Hava s\u0131cakl\u0131klar\u0131n\u0131n mevsim normallerinin alt\u0131nda seyredece\u011fi tahmin edilirken, r\u00fczgar\u0131n kuzeyli ve do\u011fulu y\u00f6nlerden orta, zaman zaman kuvvetli esmesi \u00f6ng\u00f6r\u00fclmektedir. \u00d6zellikle Van G\u00f6l\u00fc&#8217;nde hava durumu detaylar\u0131na g\u00f6re, az bulutlu ve yer yer puslu bir atmosfer bekleniyor. R\u00fczgar\u0131n do\u011fu &hellip;"}