{"version":"1.0","provider_name":"Van Haber | Van X Haber | Van Haberleri","provider_url":"https:\/\/vanxhaber.com","author_name":"Van X Haber","author_url":"https:\/\/vanxhaber.com\/index.php\/author\/vangazetesi\/","title":"Van Alt\u0131ntepe\u2019de Muhtar Aday\u0131 Enterili\u2019den A\u00e7\u0131klama","type":"rich","width":600,"height":338,"html":"<blockquote class=\"wp-embedded-content\" data-secret=\"SSk2btG8FZ\"><a href=\"https:\/\/vanxhaber.com\/index.php\/2024\/03\/01\/van-altintepede-muhtar-adayi-enteriliden-aciklama\/\">Van Alt\u0131ntepe\u2019de Muhtar Aday\u0131 Enterili\u2019den A\u00e7\u0131klama<\/a><\/blockquote><iframe sandbox=\"allow-scripts\" security=\"restricted\" src=\"https:\/\/vanxhaber.com\/index.php\/2024\/03\/01\/van-altintepede-muhtar-adayi-enteriliden-aciklama\/embed\/#?secret=SSk2btG8FZ\" width=\"600\" height=\"338\" title=\"&#8220;Van Alt\u0131ntepe\u2019de Muhtar Aday\u0131 Enterili\u2019den A\u00e7\u0131klama&#8221; &#8212; Van Haber | Van X Haber | Van Haberleri\" data-secret=\"SSk2btG8FZ\" frameborder=\"0\" marginwidth=\"0\" marginheight=\"0\" scrolling=\"no\" class=\"wp-embedded-content\"><\/iframe><script type=\"text\/javascript\">\n\/* <![CDATA[ *\/\n\/*! This file is auto-generated *\/\n!function(d,l){\"use strict\";l.querySelector&&d.addEventListener&&\"undefined\"!=typeof URL&&(d.wp=d.wp||{},d.wp.receiveEmbedMessage||(d.wp.receiveEmbedMessage=function(e){var t=e.data;if((t||t.secret||t.message||t.value)&&!\/[^a-zA-Z0-9]\/.test(t.secret)){for(var s,r,n,a=l.querySelectorAll('iframe[data-secret=\"'+t.secret+'\"]'),o=l.querySelectorAll('blockquote[data-secret=\"'+t.secret+'\"]'),c=new RegExp(\"^https?:$\",\"i\"),i=0;i<o.length;i++)o[i].style.display=\"none\";for(i=0;i<a.length;i++)s=a[i],e.source===s.contentWindow&&(s.removeAttribute(\"style\"),\"height\"===t.message?(1e3<(r=parseInt(t.value,10))?r=1e3:~~r<200&&(r=200),s.height=r):\"link\"===t.message&&(r=new URL(s.getAttribute(\"src\")),n=new URL(t.value),c.test(n.protocol))&&n.host===r.host&&l.activeElement===s&&(d.top.location.href=t.value))}},d.addEventListener(\"message\",d.wp.receiveEmbedMessage,!1),l.addEventListener(\"DOMContentLoaded\",function(){for(var e,t,s=l.querySelectorAll(\"iframe.wp-embedded-content\"),r=0;r<s.length;r++)(t=(e=s[r]).getAttribute(\"data-secret\"))||(t=Math.random().toString(36).substring(2,12),e.src+=\"#?secret=\"+t,e.setAttribute(\"data-secret\",t)),e.contentWindow.postMessage({message:\"ready\",secret:t},\"*\")},!1)))}(window,document);\n\/\/# sourceURL=https:\/\/vanxhaber.com\/wp-includes\/js\/wp-embed.min.js\n\/* ]]> *\/\n<\/script>\n","thumbnail_url":"https:\/\/vanxhaber.com\/wp-content\/uploads\/2024\/03\/altin-tepe-muhtar-aday.jpg","thumbnail_width":641,"thumbnail_height":380,"description":"Van ili Tu\u015fba il\u00e7esi Alt\u0131ntepe mahallesinde muhtar aday\u0131 \u0130smet Enterili\u2019ye mahalle hakk\u0131nda Van Gazetesi ve Van Haber hatt\u0131na a\u00e7\u0131klad\u0131. Van ili Tu\u015fba il\u00e7esinde 24 y\u0131ld\u0131r ikamet eden Alt\u0131ntepe muhtar aday\u0131 \u0130smet Enterili\u2019ye mahalle sakinlerini tek tek ziyaret etmeye devam ediyor. Mahallesinde bulunan sorunlar\u0131 hakk\u0131nda Van Gazetesi ve Van Haber hatt\u0131na a\u00e7\u0131klad\u0131. \u0130SMET ENTER\u0130L\u0130, \u201cALTINTEPE MAHALLES\u0130NDE &hellip;"}