{"version":"1.0","provider_name":"Van Haber | Van X Haber | Van Haberleri","provider_url":"https:\/\/vanxhaber.com","author_name":"Van X Haber","author_url":"https:\/\/vanxhaber.com\/index.php\/author\/vangazetesi\/","title":"Edremit\u2019te \u2018Engelli Misafirhanesi\u2019 Kurulacak","type":"rich","width":600,"height":338,"html":"<blockquote class=\"wp-embedded-content\" data-secret=\"XejAalNY76\"><a href=\"https:\/\/vanxhaber.com\/index.php\/2024\/03\/04\/edremitte-engelli-misafirhanesi-kurulacak\/\">Edremit\u2019te \u2018Engelli Misafirhanesi\u2019 Kurulacak<\/a><\/blockquote><iframe sandbox=\"allow-scripts\" security=\"restricted\" src=\"https:\/\/vanxhaber.com\/index.php\/2024\/03\/04\/edremitte-engelli-misafirhanesi-kurulacak\/embed\/#?secret=XejAalNY76\" width=\"600\" height=\"338\" title=\"&#8220;Edremit\u2019te \u2018Engelli Misafirhanesi\u2019 Kurulacak&#8221; &#8212; Van Haber | Van X Haber | Van Haberleri\" data-secret=\"XejAalNY76\" frameborder=\"0\" marginwidth=\"0\" marginheight=\"0\" scrolling=\"no\" class=\"wp-embedded-content\"><\/iframe><script type=\"text\/javascript\">\n\/* <![CDATA[ *\/\n\/*! This file is auto-generated *\/\n!function(d,l){\"use strict\";l.querySelector&&d.addEventListener&&\"undefined\"!=typeof URL&&(d.wp=d.wp||{},d.wp.receiveEmbedMessage||(d.wp.receiveEmbedMessage=function(e){var t=e.data;if((t||t.secret||t.message||t.value)&&!\/[^a-zA-Z0-9]\/.test(t.secret)){for(var s,r,n,a=l.querySelectorAll('iframe[data-secret=\"'+t.secret+'\"]'),o=l.querySelectorAll('blockquote[data-secret=\"'+t.secret+'\"]'),c=new RegExp(\"^https?:$\",\"i\"),i=0;i<o.length;i++)o[i].style.display=\"none\";for(i=0;i<a.length;i++)s=a[i],e.source===s.contentWindow&&(s.removeAttribute(\"style\"),\"height\"===t.message?(1e3<(r=parseInt(t.value,10))?r=1e3:~~r<200&&(r=200),s.height=r):\"link\"===t.message&&(r=new URL(s.getAttribute(\"src\")),n=new URL(t.value),c.test(n.protocol))&&n.host===r.host&&l.activeElement===s&&(d.top.location.href=t.value))}},d.addEventListener(\"message\",d.wp.receiveEmbedMessage,!1),l.addEventListener(\"DOMContentLoaded\",function(){for(var e,t,s=l.querySelectorAll(\"iframe.wp-embedded-content\"),r=0;r<s.length;r++)(t=(e=s[r]).getAttribute(\"data-secret\"))||(t=Math.random().toString(36).substring(2,12),e.src+=\"#?secret=\"+t,e.setAttribute(\"data-secret\",t)),e.contentWindow.postMessage({message:\"ready\",secret:t},\"*\")},!1)))}(window,document);\n\/\/# sourceURL=https:\/\/vanxhaber.com\/wp-includes\/js\/wp-embed.min.js\n\/* ]]> *\/\n<\/script>\n","thumbnail_url":"https:\/\/vanxhaber.com\/wp-content\/uploads\/2024\/03\/ismail-say.jpg","thumbnail_width":641,"thumbnail_height":380,"description":"Van\u2019\u0131n Edremit Belediye Ba\u015fkan\u0131 \u0130smail Say, engelli \u00e7ocu\u011fu oldu\u011fu i\u00e7in g\u00fcndelik ya\u015fant\u0131dan kopan ailelere, i\u00e7in \u2018Engelli Misafirhanesi\u2019 kuracaklar\u0131n\u0131 s\u00f6yledi. Halk\u0131n ihtiya\u00e7lar\u0131n\u0131 g\u00f6z \u00f6n\u00fcne alarak hizmet \u00fcreten Edremit Belediyesi, engelli \u00e7ocuklar i\u00e7in G\u00fcnd\u00fcz Misafirhanesi projesini kamuoyuna a\u00e7\u0131klad\u0131. Edremit Belediyesi, ge\u00e7ti\u011fimiz y\u0131llarda Engelsiz Ya\u015fam Merkezi kurarak, yakla\u015f\u0131k 100 engelli \u00e7ocu\u011fa hizmet veren merkezin yan\u0131 s\u0131ra \u015fimdi de &hellip;"}