{"version":"1.0","provider_name":"Van Haber | Van X Haber | Van Haberleri","provider_url":"https:\/\/vanxhaber.com","author_name":"Van X Haber","author_url":"https:\/\/vanxhaber.com\/index.php\/author\/vangazetesi\/","title":"Mevsim Ge\u00e7i\u015flerine Dikkat!","type":"rich","width":600,"height":338,"html":"<blockquote class=\"wp-embedded-content\" data-secret=\"GK4lpVolxd\"><a href=\"https:\/\/vanxhaber.com\/index.php\/2024\/03\/05\/mevsim-gecislerine-dikkat\/\">Mevsim Ge\u00e7i\u015flerine Dikkat!<\/a><\/blockquote><iframe sandbox=\"allow-scripts\" security=\"restricted\" src=\"https:\/\/vanxhaber.com\/index.php\/2024\/03\/05\/mevsim-gecislerine-dikkat\/embed\/#?secret=GK4lpVolxd\" width=\"600\" height=\"338\" title=\"&#8220;Mevsim Ge\u00e7i\u015flerine Dikkat!&#8221; &#8212; Van Haber | Van X Haber | Van Haberleri\" data-secret=\"GK4lpVolxd\" frameborder=\"0\" marginwidth=\"0\" marginheight=\"0\" scrolling=\"no\" class=\"wp-embedded-content\"><\/iframe><script type=\"text\/javascript\">\n\/* <![CDATA[ *\/\n\/*! This file is auto-generated *\/\n!function(d,l){\"use strict\";l.querySelector&&d.addEventListener&&\"undefined\"!=typeof URL&&(d.wp=d.wp||{},d.wp.receiveEmbedMessage||(d.wp.receiveEmbedMessage=function(e){var t=e.data;if((t||t.secret||t.message||t.value)&&!\/[^a-zA-Z0-9]\/.test(t.secret)){for(var s,r,n,a=l.querySelectorAll('iframe[data-secret=\"'+t.secret+'\"]'),o=l.querySelectorAll('blockquote[data-secret=\"'+t.secret+'\"]'),c=new RegExp(\"^https?:$\",\"i\"),i=0;i<o.length;i++)o[i].style.display=\"none\";for(i=0;i<a.length;i++)s=a[i],e.source===s.contentWindow&&(s.removeAttribute(\"style\"),\"height\"===t.message?(1e3<(r=parseInt(t.value,10))?r=1e3:~~r<200&&(r=200),s.height=r):\"link\"===t.message&&(r=new URL(s.getAttribute(\"src\")),n=new URL(t.value),c.test(n.protocol))&&n.host===r.host&&l.activeElement===s&&(d.top.location.href=t.value))}},d.addEventListener(\"message\",d.wp.receiveEmbedMessage,!1),l.addEventListener(\"DOMContentLoaded\",function(){for(var e,t,s=l.querySelectorAll(\"iframe.wp-embedded-content\"),r=0;r<s.length;r++)(t=(e=s[r]).getAttribute(\"data-secret\"))||(t=Math.random().toString(36).substring(2,12),e.src+=\"#?secret=\"+t,e.setAttribute(\"data-secret\",t)),e.contentWindow.postMessage({message:\"ready\",secret:t},\"*\")},!1)))}(window,document);\n\/\/# sourceURL=https:\/\/vanxhaber.com\/wp-includes\/js\/wp-embed.min.js\n\/* ]]> *\/\n<\/script>\n","thumbnail_url":"https:\/\/vanxhaber.com\/wp-content\/uploads\/2024\/03\/mevsim-gecisleri.jpg","thumbnail_width":1110,"thumbnail_height":500,"description":"Mevsimlerin de\u011fi\u015fimiyle birlikte, cilt ve sa\u00e7lar\u0131m\u0131zda da belirgin de\u011fi\u015fiklikler g\u00f6r\u00fclebilir. Uzmanlar, mevsim ge\u00e7i\u015flerinde sa\u00e7 bak\u0131m\u0131na \u00f6zel bir \u00f6nem verilmesi gerekti\u011fini vurguluyor. K\u0131\u015f\u0131n so\u011fuk havalar\u0131yla birlikte sa\u00e7lar\u0131m\u0131z\u0131n kurumas\u0131 ve cans\u0131zla\u015fmas\u0131 daha s\u0131k g\u00f6r\u00fcl\u00fcrken, ilkbahar ve yaz aylar\u0131nda ise g\u00fcne\u015fin zararl\u0131 etkileriyle kar\u015f\u0131 kar\u015f\u0131ya kalabiliriz. Bu nedenle, her mevsimde sa\u00e7lar\u0131m\u0131z\u0131 korumak ve sa\u011fl\u0131kl\u0131 tutmak i\u00e7in belirli \u00f6nlemler &hellip;"}