{"version":"1.0","provider_name":"Van Haber | Van X Haber | Van Haberleri","provider_url":"https:\/\/vanxhaber.com","author_name":"Van X Haber","author_url":"https:\/\/vanxhaber.com\/index.php\/author\/vangazetesi\/","title":"Vanl\u0131lar dikkat! Van Saatlerce Karanl\u0131\u011fa G\u00f6m\u00fclecek","type":"rich","width":600,"height":338,"html":"<blockquote class=\"wp-embedded-content\" data-secret=\"OughA9qpnd\"><a href=\"https:\/\/vanxhaber.com\/index.php\/2024\/03\/05\/vanlilar-dikkat-van-saatlerce-karanliga-gomulecek\/\">Vanl\u0131lar dikkat! Van Saatlerce Karanl\u0131\u011fa G\u00f6m\u00fclecek<\/a><\/blockquote><iframe sandbox=\"allow-scripts\" security=\"restricted\" src=\"https:\/\/vanxhaber.com\/index.php\/2024\/03\/05\/vanlilar-dikkat-van-saatlerce-karanliga-gomulecek\/embed\/#?secret=OughA9qpnd\" width=\"600\" height=\"338\" title=\"&#8220;Vanl\u0131lar dikkat! Van Saatlerce Karanl\u0131\u011fa G\u00f6m\u00fclecek&#8221; &#8212; Van Haber | Van X Haber | Van Haberleri\" data-secret=\"OughA9qpnd\" frameborder=\"0\" marginwidth=\"0\" marginheight=\"0\" scrolling=\"no\" class=\"wp-embedded-content\"><\/iframe><script type=\"text\/javascript\">\n\/* <![CDATA[ *\/\n\/*! This file is auto-generated *\/\n!function(d,l){\"use strict\";l.querySelector&&d.addEventListener&&\"undefined\"!=typeof URL&&(d.wp=d.wp||{},d.wp.receiveEmbedMessage||(d.wp.receiveEmbedMessage=function(e){var t=e.data;if((t||t.secret||t.message||t.value)&&!\/[^a-zA-Z0-9]\/.test(t.secret)){for(var s,r,n,a=l.querySelectorAll('iframe[data-secret=\"'+t.secret+'\"]'),o=l.querySelectorAll('blockquote[data-secret=\"'+t.secret+'\"]'),c=new RegExp(\"^https?:$\",\"i\"),i=0;i<o.length;i++)o[i].style.display=\"none\";for(i=0;i<a.length;i++)s=a[i],e.source===s.contentWindow&&(s.removeAttribute(\"style\"),\"height\"===t.message?(1e3<(r=parseInt(t.value,10))?r=1e3:~~r<200&&(r=200),s.height=r):\"link\"===t.message&&(r=new URL(s.getAttribute(\"src\")),n=new URL(t.value),c.test(n.protocol))&&n.host===r.host&&l.activeElement===s&&(d.top.location.href=t.value))}},d.addEventListener(\"message\",d.wp.receiveEmbedMessage,!1),l.addEventListener(\"DOMContentLoaded\",function(){for(var e,t,s=l.querySelectorAll(\"iframe.wp-embedded-content\"),r=0;r<s.length;r++)(t=(e=s[r]).getAttribute(\"data-secret\"))||(t=Math.random().toString(36).substring(2,12),e.src+=\"#?secret=\"+t,e.setAttribute(\"data-secret\",t)),e.contentWindow.postMessage({message:\"ready\",secret:t},\"*\")},!1)))}(window,document);\n\/\/# sourceURL=https:\/\/vanxhaber.com\/wp-includes\/js\/wp-embed.min.js\n\/* ]]> *\/\n<\/script>\n","thumbnail_url":"https:\/\/vanxhaber.com\/wp-content\/uploads\/2024\/03\/van-elektierkk.jpg","thumbnail_width":1110,"thumbnail_height":500,"description":"Van G\u00f6l\u00fc Elektrik Da\u011f\u0131t\u0131m Anonim \u015eirketi (VEDA\u015e) taraf\u0131ndan yap\u0131lan a\u00e7\u0131klamada, 06 Mart \u00c7ar\u015famba g\u00fcn\u00fc (Yar\u0131n) Van, ipekyolu, Tu\u015fba, Edremit, Muradiye il\u00e7elerinde elektrik kesintilerinin ya\u015fanaca\u011f\u0131 duyuruldu. Van G\u00f6l\u00fc Elektrik Da\u011f\u0131t\u0131m Anonim \u015eirketi (VEDA\u015e) taraf\u0131ndan yap\u0131lan a\u00e7\u0131klamada 06 Mart \u00c7ar\u015famba g\u00fcn\u00fc (Yar\u0131n) Van\u2019\u0131n merkez il\u00e7eleri de 4 il\u00e7elerde elektrik kesintilerinin ya\u015fanaca\u011f\u0131 duyuruldu.VAN\u2019DA ELEKTR\u0130K KES\u0130NT\u0130S\u0130N\u0130N YAPILACA\u011eI YER VE &hellip;"}