{"version":"1.0","provider_name":"Van Haber | Van X Haber | Van Haberleri","provider_url":"https:\/\/vanxhaber.com","author_name":"Van X Haber","author_url":"https:\/\/vanxhaber.com\/index.php\/author\/vangazetesi\/","title":"Tar\u0131m ve Orman Bakan\u0131 Yumakl\u0131\u2019dan G\u00fcrp\u0131nar\u2019a M\u00fcjdeler","type":"rich","width":600,"height":338,"html":"<blockquote class=\"wp-embedded-content\" data-secret=\"RywCEijYM5\"><a href=\"https:\/\/vanxhaber.com\/index.php\/2024\/03\/13\/tarim-ve-orman-bakani-yumaklidan-gurpinara-mujdeler\/\">Tar\u0131m ve Orman Bakan\u0131 Yumakl\u0131\u2019dan G\u00fcrp\u0131nar\u2019a M\u00fcjdeler<\/a><\/blockquote><iframe sandbox=\"allow-scripts\" security=\"restricted\" src=\"https:\/\/vanxhaber.com\/index.php\/2024\/03\/13\/tarim-ve-orman-bakani-yumaklidan-gurpinara-mujdeler\/embed\/#?secret=RywCEijYM5\" width=\"600\" height=\"338\" title=\"&#8220;Tar\u0131m ve Orman Bakan\u0131 Yumakl\u0131\u2019dan G\u00fcrp\u0131nar\u2019a M\u00fcjdeler&#8221; &#8212; Van Haber | Van X Haber | Van Haberleri\" data-secret=\"RywCEijYM5\" frameborder=\"0\" marginwidth=\"0\" marginheight=\"0\" scrolling=\"no\" class=\"wp-embedded-content\"><\/iframe><script type=\"text\/javascript\">\n\/* <![CDATA[ *\/\n\/*! This file is auto-generated *\/\n!function(d,l){\"use strict\";l.querySelector&&d.addEventListener&&\"undefined\"!=typeof URL&&(d.wp=d.wp||{},d.wp.receiveEmbedMessage||(d.wp.receiveEmbedMessage=function(e){var t=e.data;if((t||t.secret||t.message||t.value)&&!\/[^a-zA-Z0-9]\/.test(t.secret)){for(var s,r,n,a=l.querySelectorAll('iframe[data-secret=\"'+t.secret+'\"]'),o=l.querySelectorAll('blockquote[data-secret=\"'+t.secret+'\"]'),c=new RegExp(\"^https?:$\",\"i\"),i=0;i<o.length;i++)o[i].style.display=\"none\";for(i=0;i<a.length;i++)s=a[i],e.source===s.contentWindow&&(s.removeAttribute(\"style\"),\"height\"===t.message?(1e3<(r=parseInt(t.value,10))?r=1e3:~~r<200&&(r=200),s.height=r):\"link\"===t.message&&(r=new URL(s.getAttribute(\"src\")),n=new URL(t.value),c.test(n.protocol))&&n.host===r.host&&l.activeElement===s&&(d.top.location.href=t.value))}},d.addEventListener(\"message\",d.wp.receiveEmbedMessage,!1),l.addEventListener(\"DOMContentLoaded\",function(){for(var e,t,s=l.querySelectorAll(\"iframe.wp-embedded-content\"),r=0;r<s.length;r++)(t=(e=s[r]).getAttribute(\"data-secret\"))||(t=Math.random().toString(36).substring(2,12),e.src+=\"#?secret=\"+t,e.setAttribute(\"data-secret\",t)),e.contentWindow.postMessage({message:\"ready\",secret:t},\"*\")},!1)))}(window,document);\n\/\/# sourceURL=https:\/\/vanxhaber.com\/wp-includes\/js\/wp-embed.min.js\n\/* ]]> *\/\n<\/script>\n","thumbnail_url":"https:\/\/vanxhaber.com\/wp-content\/uploads\/2024\/03\/IMG-20240313-WA0029.jpg","thumbnail_width":1600,"thumbnail_height":1200,"description":"Tar\u0131m ve Orman Bakan\u0131 \u0130brahim Yumakl\u0131, Van\u2019\u0131n G\u00fcrp\u0131nar il\u00e7esini ziyaret etti. Belediye Ba\u015fkan\u0131 ve AK Parti Ba\u015fkan Aday\u0131 Hayrullah Tan\u0131\u015f taraf\u0131ndan kar\u015f\u0131lanan Bakan Yumakl\u0131, se\u00e7im b\u00fcrosunu ziyaret ederek vatanda\u015flarla bir araya geldi.G\u00fcrp\u0131nar\u2019\u0131n tar\u0131m ve hayvanc\u0131l\u0131k anlam\u0131nda son 21 y\u0131lda 3 milyar tutar\u0131nda destekleme ald\u0131\u011f\u0131n\u0131 ifade eden Yumakl\u0131, \u201cBizler Cumhurba\u015fkan\u0131m\u0131z\u0131n s\u00f6yledi\u011fi gibi \u201cG\u00fc\u00e7l\u00fc T\u00fcrkiye\u2019nin G\u00fc\u00e7l\u00fc Tar\u0131mdan\u201d &hellip;"}