{"version":"1.0","provider_name":"Van Haber | Van X Haber | Van Haberleri","provider_url":"https:\/\/vanxhaber.com","author_name":"Van X Haber","author_url":"https:\/\/vanxhaber.com\/index.php\/author\/vangazetesi\/","title":"Divanev Mobilya Ma\u011fazas\u0131 Van\u2019da A\u00e7\u0131ld\u0131","type":"rich","width":600,"height":338,"html":"<blockquote class=\"wp-embedded-content\" data-secret=\"zNrsEjQJwv\"><a href=\"https:\/\/vanxhaber.com\/index.php\/2024\/04\/20\/divanev-mobilya-magazasi-vanda-acildi\/\">Divanev Mobilya Ma\u011fazas\u0131 Van\u2019da A\u00e7\u0131ld\u0131<\/a><\/blockquote><iframe sandbox=\"allow-scripts\" security=\"restricted\" src=\"https:\/\/vanxhaber.com\/index.php\/2024\/04\/20\/divanev-mobilya-magazasi-vanda-acildi\/embed\/#?secret=zNrsEjQJwv\" width=\"600\" height=\"338\" title=\"&#8220;Divanev Mobilya Ma\u011fazas\u0131 Van\u2019da A\u00e7\u0131ld\u0131&#8221; &#8212; Van Haber | Van X Haber | Van Haberleri\" data-secret=\"zNrsEjQJwv\" frameborder=\"0\" marginwidth=\"0\" marginheight=\"0\" scrolling=\"no\" class=\"wp-embedded-content\"><\/iframe><script type=\"text\/javascript\">\n\/* <![CDATA[ *\/\n\/*! This file is auto-generated *\/\n!function(d,l){\"use strict\";l.querySelector&&d.addEventListener&&\"undefined\"!=typeof URL&&(d.wp=d.wp||{},d.wp.receiveEmbedMessage||(d.wp.receiveEmbedMessage=function(e){var t=e.data;if((t||t.secret||t.message||t.value)&&!\/[^a-zA-Z0-9]\/.test(t.secret)){for(var s,r,n,a=l.querySelectorAll('iframe[data-secret=\"'+t.secret+'\"]'),o=l.querySelectorAll('blockquote[data-secret=\"'+t.secret+'\"]'),c=new RegExp(\"^https?:$\",\"i\"),i=0;i<o.length;i++)o[i].style.display=\"none\";for(i=0;i<a.length;i++)s=a[i],e.source===s.contentWindow&&(s.removeAttribute(\"style\"),\"height\"===t.message?(1e3<(r=parseInt(t.value,10))?r=1e3:~~r<200&&(r=200),s.height=r):\"link\"===t.message&&(r=new URL(s.getAttribute(\"src\")),n=new URL(t.value),c.test(n.protocol))&&n.host===r.host&&l.activeElement===s&&(d.top.location.href=t.value))}},d.addEventListener(\"message\",d.wp.receiveEmbedMessage,!1),l.addEventListener(\"DOMContentLoaded\",function(){for(var e,t,s=l.querySelectorAll(\"iframe.wp-embedded-content\"),r=0;r<s.length;r++)(t=(e=s[r]).getAttribute(\"data-secret\"))||(t=Math.random().toString(36).substring(2,12),e.src+=\"#?secret=\"+t,e.setAttribute(\"data-secret\",t)),e.contentWindow.postMessage({message:\"ready\",secret:t},\"*\")},!1)))}(window,document);\n\/\/# sourceURL=https:\/\/vanxhaber.com\/wp-includes\/js\/wp-embed.min.js\n\/* ]]> *\/\n<\/script>\n","thumbnail_url":"https:\/\/vanxhaber.com\/wp-content\/uploads\/2024\/04\/IMG_20240421_002010.jpg","thumbnail_width":720,"thumbnail_height":361,"description":"Bir Yata\u015f Grup Markas\u0131 Olan Divanev Mobilya Ma\u011fazas\u0131 Van ilinde a\u00e7\u0131ld\u0131. Bir Yata\u015f Grup Markas\u0131 olan Divanev Mobilya Ma\u011fazas\u0131, i\u015ftihaml\u0131 ma\u011fazas\u0131yla Van ilinde a\u00e7\u0131ld\u0131.Ma\u011fazan\u0131n i\u015fletme m\u00fcd\u00fcr\u00fc Engin Uyar, yapt\u0131\u011f\u0131 a\u00e7\u0131klamada, Van \u015fubesinde %50&#8217;ye varan indirimlerin oldu\u011funu belirtti. 3 katl\u0131 ve 1850 metrekarelik alana sahip olan ma\u011fazada koltuk tak\u0131mlar\u0131, yatak odas\u0131 tak\u0131mlar\u0131, k\u00f6\u015fe tak\u0131mlar\u0131, yemek odas\u0131 &hellip;"}