{"version":"1.0","provider_name":"Van Haber | Van X Haber | Van Haberleri","provider_url":"https:\/\/vanxhaber.com","author_name":"Van X Haber","author_url":"https:\/\/vanxhaber.com\/index.php\/author\/vangazetesi\/","title":"E\u011fitimde yeni m\u00fcfredat yar\u0131n a\u00e7\u0131klan\u0131yor","type":"rich","width":600,"height":338,"html":"<blockquote class=\"wp-embedded-content\" data-secret=\"oZ1Vq87FnL\"><a href=\"https:\/\/vanxhaber.com\/index.php\/2024\/04\/25\/egitimde-yeni-mufredat-yarin-aciklaniyor\/\">E\u011fitimde yeni m\u00fcfredat yar\u0131n a\u00e7\u0131klan\u0131yor<\/a><\/blockquote><iframe sandbox=\"allow-scripts\" security=\"restricted\" src=\"https:\/\/vanxhaber.com\/index.php\/2024\/04\/25\/egitimde-yeni-mufredat-yarin-aciklaniyor\/embed\/#?secret=oZ1Vq87FnL\" width=\"600\" height=\"338\" title=\"&#8220;E\u011fitimde yeni m\u00fcfredat yar\u0131n a\u00e7\u0131klan\u0131yor&#8221; &#8212; Van Haber | Van X Haber | Van Haberleri\" data-secret=\"oZ1Vq87FnL\" frameborder=\"0\" marginwidth=\"0\" marginheight=\"0\" scrolling=\"no\" class=\"wp-embedded-content\"><\/iframe><script type=\"text\/javascript\">\n\/* <![CDATA[ *\/\n\/*! This file is auto-generated *\/\n!function(d,l){\"use strict\";l.querySelector&&d.addEventListener&&\"undefined\"!=typeof URL&&(d.wp=d.wp||{},d.wp.receiveEmbedMessage||(d.wp.receiveEmbedMessage=function(e){var t=e.data;if((t||t.secret||t.message||t.value)&&!\/[^a-zA-Z0-9]\/.test(t.secret)){for(var s,r,n,a=l.querySelectorAll('iframe[data-secret=\"'+t.secret+'\"]'),o=l.querySelectorAll('blockquote[data-secret=\"'+t.secret+'\"]'),c=new RegExp(\"^https?:$\",\"i\"),i=0;i<o.length;i++)o[i].style.display=\"none\";for(i=0;i<a.length;i++)s=a[i],e.source===s.contentWindow&&(s.removeAttribute(\"style\"),\"height\"===t.message?(1e3<(r=parseInt(t.value,10))?r=1e3:~~r<200&&(r=200),s.height=r):\"link\"===t.message&&(r=new URL(s.getAttribute(\"src\")),n=new URL(t.value),c.test(n.protocol))&&n.host===r.host&&l.activeElement===s&&(d.top.location.href=t.value))}},d.addEventListener(\"message\",d.wp.receiveEmbedMessage,!1),l.addEventListener(\"DOMContentLoaded\",function(){for(var e,t,s=l.querySelectorAll(\"iframe.wp-embedded-content\"),r=0;r<s.length;r++)(t=(e=s[r]).getAttribute(\"data-secret\"))||(t=Math.random().toString(36).substring(2,12),e.src+=\"#?secret=\"+t,e.setAttribute(\"data-secret\",t)),e.contentWindow.postMessage({message:\"ready\",secret:t},\"*\")},!1)))}(window,document);\n\/\/# sourceURL=https:\/\/vanxhaber.com\/wp-includes\/js\/wp-embed.min.js\n\/* ]]> *\/\n<\/script>\n","thumbnail_url":"https:\/\/vanxhaber.com\/wp-content\/uploads\/2024\/04\/egitimde-yeni-mufredat.jpg","thumbnail_width":641,"thumbnail_height":380,"description":"2024-2025 e\u011fitim-\u00f6\u011fretim y\u0131l\u0131ndan itibaren ge\u00e7erli olacak yeni m\u00fcfredatla ilgili ayr\u0131nt\u0131lar\u0131n yar\u0131n a\u00e7\u0131klanaca\u011f\u0131n\u0131 belirten Bakan Yusuf Tekin, kademeli \u015fekilde uygulanaca\u011f\u0131n\u0131 vurgulad\u0131. Bir s\u00fcredir \u00fczerinde \u00e7al\u0131\u015f\u0131lan yeni m\u00fcfredatta beklenen g\u00fcn geldi. Milli E\u011fitim Bakan\u0131 Yusuf Tekin, milyonlarca \u00f6\u011frenciyi ve e\u011fitimciyi ilgilendiren konuya ili\u015fkin a\u00e7\u0131klamada bulundu. Bakan Tekin, \u00e7al\u0131\u015fmay\u0131 yar\u0131n \u00f6\u011fleden sonra kamuoyuyla payla\u015facaklar\u0131n\u0131 a\u00e7\u0131klad\u0131. Tekin, resmi sayfadan &hellip;"}