{"version":"1.0","provider_name":"Van Haber | Van X Haber | Van Haberleri","provider_url":"https:\/\/vanxhaber.com","author_name":"Van X Haber","author_url":"https:\/\/vanxhaber.com\/index.php\/author\/vangazetesi\/","title":"Sa\u011fanak Ya\u011f\u0131\u015f ve Kuvvetli R\u00fczgar uyar\u0131s\u0131","type":"rich","width":600,"height":338,"html":"<blockquote class=\"wp-embedded-content\" data-secret=\"hcrddyfr9D\"><a href=\"https:\/\/vanxhaber.com\/index.php\/2024\/05\/06\/saganak-yagis-ve-kuvvetli-ruzgar-uyarisi\/\">Sa\u011fanak Ya\u011f\u0131\u015f ve Kuvvetli R\u00fczgar uyar\u0131s\u0131<\/a><\/blockquote><iframe sandbox=\"allow-scripts\" security=\"restricted\" src=\"https:\/\/vanxhaber.com\/index.php\/2024\/05\/06\/saganak-yagis-ve-kuvvetli-ruzgar-uyarisi\/embed\/#?secret=hcrddyfr9D\" width=\"600\" height=\"338\" title=\"&#8220;Sa\u011fanak Ya\u011f\u0131\u015f ve Kuvvetli R\u00fczgar uyar\u0131s\u0131&#8221; &#8212; Van Haber | Van X Haber | Van Haberleri\" data-secret=\"hcrddyfr9D\" frameborder=\"0\" marginwidth=\"0\" marginheight=\"0\" scrolling=\"no\" class=\"wp-embedded-content\"><\/iframe><script type=\"text\/javascript\">\n\/* <![CDATA[ *\/\n\/*! This file is auto-generated *\/\n!function(d,l){\"use strict\";l.querySelector&&d.addEventListener&&\"undefined\"!=typeof URL&&(d.wp=d.wp||{},d.wp.receiveEmbedMessage||(d.wp.receiveEmbedMessage=function(e){var t=e.data;if((t||t.secret||t.message||t.value)&&!\/[^a-zA-Z0-9]\/.test(t.secret)){for(var s,r,n,a=l.querySelectorAll('iframe[data-secret=\"'+t.secret+'\"]'),o=l.querySelectorAll('blockquote[data-secret=\"'+t.secret+'\"]'),c=new RegExp(\"^https?:$\",\"i\"),i=0;i<o.length;i++)o[i].style.display=\"none\";for(i=0;i<a.length;i++)s=a[i],e.source===s.contentWindow&&(s.removeAttribute(\"style\"),\"height\"===t.message?(1e3<(r=parseInt(t.value,10))?r=1e3:~~r<200&&(r=200),s.height=r):\"link\"===t.message&&(r=new URL(s.getAttribute(\"src\")),n=new URL(t.value),c.test(n.protocol))&&n.host===r.host&&l.activeElement===s&&(d.top.location.href=t.value))}},d.addEventListener(\"message\",d.wp.receiveEmbedMessage,!1),l.addEventListener(\"DOMContentLoaded\",function(){for(var e,t,s=l.querySelectorAll(\"iframe.wp-embedded-content\"),r=0;r<s.length;r++)(t=(e=s[r]).getAttribute(\"data-secret\"))||(t=Math.random().toString(36).substring(2,12),e.src+=\"#?secret=\"+t,e.setAttribute(\"data-secret\",t)),e.contentWindow.postMessage({message:\"ready\",secret:t},\"*\")},!1)))}(window,document);\n\/\/# sourceURL=https:\/\/vanxhaber.com\/wp-includes\/js\/wp-embed.min.js\n\/* ]]> *\/\n<\/script>\n","thumbnail_url":"https:\/\/vanxhaber.com\/wp-content\/uploads\/2024\/05\/vanda-yagis-bekleniyor.jpg","thumbnail_width":641,"thumbnail_height":380,"description":"Meteoroloji raporuna g\u00f6re, Van ve \u00e7evresinde \u00f6n\u00fcm\u00fczdeki g\u00fcnlerde \u015fiddetli ya\u011f\u0131\u015flarla birlikte g\u00fcneyli ve bat\u0131l\u0131 y\u00f6nlere do\u011fru kuvvetli r\u00fczgarlar esmesi bekleniyor. Yetkililer, vatanda\u015flar\u0131 olas\u0131 olumsuzluklara kar\u015f\u0131 dikkatli olmalar\u0131 konusunda uyar\u0131yor. Meteoroloji 14.B\u00f6lge M\u00fcd\u00fcrl\u00fc\u011f\u00fc, Van ve \u00e7evresindeki hava durumuyla ilgili \u00f6nemli bilgiler payla\u015ft\u0131. Yap\u0131lan a\u00e7\u0131klamaya g\u00f6re, b\u00f6lge genelinde havan\u0131n \u00e7ok bulutlu olaca\u011f\u0131 ve Mu\u015f, Bitlis, Hakkari ve &hellip;"}