{"version":"1.0","provider_name":"Van Haber | Van X Haber | Van Haberleri","provider_url":"https:\/\/vanxhaber.com","author_name":"Van X Haber","author_url":"https:\/\/vanxhaber.com\/index.php\/author\/vangazetesi\/","title":"Van i\u00e7in bir uyar\u0131 daha yap\u0131ld\u0131.","type":"rich","width":600,"height":338,"html":"<blockquote class=\"wp-embedded-content\" data-secret=\"OmOoujcYm3\"><a href=\"https:\/\/vanxhaber.com\/index.php\/2024\/05\/07\/van-icin-bir-uyari-daha-yapildi\/\">Van i\u00e7in bir uyar\u0131 daha yap\u0131ld\u0131.<\/a><\/blockquote><iframe sandbox=\"allow-scripts\" security=\"restricted\" src=\"https:\/\/vanxhaber.com\/index.php\/2024\/05\/07\/van-icin-bir-uyari-daha-yapildi\/embed\/#?secret=OmOoujcYm3\" width=\"600\" height=\"338\" title=\"&#8220;Van i\u00e7in bir uyar\u0131 daha yap\u0131ld\u0131.&#8221; &#8212; Van Haber | Van X Haber | Van Haberleri\" data-secret=\"OmOoujcYm3\" frameborder=\"0\" marginwidth=\"0\" marginheight=\"0\" scrolling=\"no\" class=\"wp-embedded-content\"><\/iframe><script type=\"text\/javascript\">\n\/* <![CDATA[ *\/\n\/*! This file is auto-generated *\/\n!function(d,l){\"use strict\";l.querySelector&&d.addEventListener&&\"undefined\"!=typeof URL&&(d.wp=d.wp||{},d.wp.receiveEmbedMessage||(d.wp.receiveEmbedMessage=function(e){var t=e.data;if((t||t.secret||t.message||t.value)&&!\/[^a-zA-Z0-9]\/.test(t.secret)){for(var s,r,n,a=l.querySelectorAll('iframe[data-secret=\"'+t.secret+'\"]'),o=l.querySelectorAll('blockquote[data-secret=\"'+t.secret+'\"]'),c=new RegExp(\"^https?:$\",\"i\"),i=0;i<o.length;i++)o[i].style.display=\"none\";for(i=0;i<a.length;i++)s=a[i],e.source===s.contentWindow&&(s.removeAttribute(\"style\"),\"height\"===t.message?(1e3<(r=parseInt(t.value,10))?r=1e3:~~r<200&&(r=200),s.height=r):\"link\"===t.message&&(r=new URL(s.getAttribute(\"src\")),n=new URL(t.value),c.test(n.protocol))&&n.host===r.host&&l.activeElement===s&&(d.top.location.href=t.value))}},d.addEventListener(\"message\",d.wp.receiveEmbedMessage,!1),l.addEventListener(\"DOMContentLoaded\",function(){for(var e,t,s=l.querySelectorAll(\"iframe.wp-embedded-content\"),r=0;r<s.length;r++)(t=(e=s[r]).getAttribute(\"data-secret\"))||(t=Math.random().toString(36).substring(2,12),e.src+=\"#?secret=\"+t,e.setAttribute(\"data-secret\",t)),e.contentWindow.postMessage({message:\"ready\",secret:t},\"*\")},!1)))}(window,document);\n\/\/# sourceURL=https:\/\/vanxhaber.com\/wp-includes\/js\/wp-embed.min.js\n\/* ]]> *\/\n<\/script>\n","thumbnail_url":"https:\/\/vanxhaber.com\/wp-content\/uploads\/2024\/05\/van-icin-bir-uyari-daha-yaplidi.jpg","thumbnail_width":1600,"thumbnail_height":1040,"description":"Meteoroloji Genel M\u00fcd\u00fcrl\u00fc\u011f\u00fc, Van\u2019\u0131n g\u00fcney ve do\u011fu il\u00e7eleri i\u00e7in kuvvetli sa\u011fanak uyar\u0131s\u0131nda bulundu. Meteoroloji Genel M\u00fcd\u00fcrl\u00fc\u011f\u00fc B\u00f6lge genelinde havan\u0131n \u00e7ok bulutlu, aral\u0131kl\u0131 sa\u011fanak ve g\u00f6k g\u00fcr\u00fclt\u00fcl\u00fc sa\u011fanak ya\u011f\u0131\u015fl\u0131 olmas\u0131 tahmin edilmektedir. Ya\u011f\u0131\u015flar\u0131n \u00f6\u011fle ve ak\u015fam saatleri aras\u0131nda Mu\u015f, Bitlis ve Hakkari illeri ile Van&#8217;\u0131n g\u00fcney ve do\u011fu il\u00e7elerinde zaman zaman kuvvetli olmas\u0131 beklenmektedir. 2000 metre &hellip;"}