{"version":"1.0","provider_name":"Van Haber | Van X Haber | Van Haberleri","provider_url":"https:\/\/vanxhaber.com","author_name":"Van X Haber","author_url":"https:\/\/vanxhaber.com\/index.php\/author\/vangazetesi\/","title":"Erci\u015f plaj\u0131 yenilendi","type":"rich","width":600,"height":338,"html":"<blockquote class=\"wp-embedded-content\" data-secret=\"rwTNdKQFXR\"><a href=\"https:\/\/vanxhaber.com\/index.php\/2024\/06\/13\/ercis-plaji-yenilendi\/\">Erci\u015f plaj\u0131 yenilendi<\/a><\/blockquote><iframe sandbox=\"allow-scripts\" security=\"restricted\" src=\"https:\/\/vanxhaber.com\/index.php\/2024\/06\/13\/ercis-plaji-yenilendi\/embed\/#?secret=rwTNdKQFXR\" width=\"600\" height=\"338\" title=\"&#8220;Erci\u015f plaj\u0131 yenilendi&#8221; &#8212; Van Haber | Van X Haber | Van Haberleri\" data-secret=\"rwTNdKQFXR\" frameborder=\"0\" marginwidth=\"0\" marginheight=\"0\" scrolling=\"no\" class=\"wp-embedded-content\"><\/iframe><script type=\"text\/javascript\">\n\/* <![CDATA[ *\/\n\/*! This file is auto-generated *\/\n!function(d,l){\"use strict\";l.querySelector&&d.addEventListener&&\"undefined\"!=typeof URL&&(d.wp=d.wp||{},d.wp.receiveEmbedMessage||(d.wp.receiveEmbedMessage=function(e){var t=e.data;if((t||t.secret||t.message||t.value)&&!\/[^a-zA-Z0-9]\/.test(t.secret)){for(var s,r,n,a=l.querySelectorAll('iframe[data-secret=\"'+t.secret+'\"]'),o=l.querySelectorAll('blockquote[data-secret=\"'+t.secret+'\"]'),c=new RegExp(\"^https?:$\",\"i\"),i=0;i<o.length;i++)o[i].style.display=\"none\";for(i=0;i<a.length;i++)s=a[i],e.source===s.contentWindow&&(s.removeAttribute(\"style\"),\"height\"===t.message?(1e3<(r=parseInt(t.value,10))?r=1e3:~~r<200&&(r=200),s.height=r):\"link\"===t.message&&(r=new URL(s.getAttribute(\"src\")),n=new URL(t.value),c.test(n.protocol))&&n.host===r.host&&l.activeElement===s&&(d.top.location.href=t.value))}},d.addEventListener(\"message\",d.wp.receiveEmbedMessage,!1),l.addEventListener(\"DOMContentLoaded\",function(){for(var e,t,s=l.querySelectorAll(\"iframe.wp-embedded-content\"),r=0;r<s.length;r++)(t=(e=s[r]).getAttribute(\"data-secret\"))||(t=Math.random().toString(36).substring(2,12),e.src+=\"#?secret=\"+t,e.setAttribute(\"data-secret\",t)),e.contentWindow.postMessage({message:\"ready\",secret:t},\"*\")},!1)))}(window,document);\n\/\/# sourceURL=https:\/\/vanxhaber.com\/wp-includes\/js\/wp-embed.min.js\n\/* ]]> *\/\n<\/script>\n","thumbnail_url":"https:\/\/vanxhaber.com\/wp-content\/uploads\/2024\/06\/van-ercis-sahili.jpg","thumbnail_width":641,"thumbnail_height":380,"description":"Erci\u015f Belediyesi, Aile Plaj\u0131nda ger\u00e7ekle\u015ftirdi\u011fi plaj yenileme \u00e7al\u0131\u015fmalar\u0131na devam ediyor. Erci\u015f Belediyesi, Aile Plaj\u0131nda ger\u00e7ekle\u015ftirdi\u011fi yenileme \u00e7al\u0131\u015fmalar\u0131yla b\u00f6lge halk\u0131na ve ziyaret\u00e7ilere keyifli bir ortam sunmak i\u00e7in \u00e7al\u0131\u015fmalar\u0131n\u0131 aral\u0131ks\u0131z s\u00fcrd\u00fcrerek, halk ve aile plaj\u0131 ba\u015fta olmak \u00fczere \u00e7e\u015fitli hizmetler kafe ve sinema etkinlikleri i\u00e7in yeni olanaklar sa\u011fl\u0131yor. Yaz sezonu boyunca yerli ve yabanc\u0131 bir\u00e7ok ziyaret\u00e7iyi a\u011f\u0131rlayan &hellip;"}