{"version":"1.0","provider_name":"Van Haber | Van X Haber | Van Haberleri","provider_url":"https:\/\/vanxhaber.com","author_name":"Van X Haber","author_url":"https:\/\/vanxhaber.com\/index.php\/author\/vangazetesi\/","title":"Fariz Borazan\u2019dan Anlaml\u0131 Kurban Bayram\u0131 Mesaj\u0131","type":"rich","width":600,"height":338,"html":"<blockquote class=\"wp-embedded-content\" data-secret=\"bQ5yZTmXha\"><a href=\"https:\/\/vanxhaber.com\/index.php\/2024\/06\/15\/fariz-borazandan-anlamli-kurban-bayrami-mesaji\/\">Fariz Borazan\u2019dan Anlaml\u0131 Kurban Bayram\u0131 Mesaj\u0131<\/a><\/blockquote><iframe sandbox=\"allow-scripts\" security=\"restricted\" src=\"https:\/\/vanxhaber.com\/index.php\/2024\/06\/15\/fariz-borazandan-anlamli-kurban-bayrami-mesaji\/embed\/#?secret=bQ5yZTmXha\" width=\"600\" height=\"338\" title=\"&#8220;Fariz Borazan\u2019dan Anlaml\u0131 Kurban Bayram\u0131 Mesaj\u0131&#8221; &#8212; Van Haber | Van X Haber | Van Haberleri\" data-secret=\"bQ5yZTmXha\" frameborder=\"0\" marginwidth=\"0\" marginheight=\"0\" scrolling=\"no\" class=\"wp-embedded-content\"><\/iframe><script type=\"text\/javascript\">\n\/* <![CDATA[ *\/\n\/*! This file is auto-generated *\/\n!function(d,l){\"use strict\";l.querySelector&&d.addEventListener&&\"undefined\"!=typeof URL&&(d.wp=d.wp||{},d.wp.receiveEmbedMessage||(d.wp.receiveEmbedMessage=function(e){var t=e.data;if((t||t.secret||t.message||t.value)&&!\/[^a-zA-Z0-9]\/.test(t.secret)){for(var s,r,n,a=l.querySelectorAll('iframe[data-secret=\"'+t.secret+'\"]'),o=l.querySelectorAll('blockquote[data-secret=\"'+t.secret+'\"]'),c=new RegExp(\"^https?:$\",\"i\"),i=0;i<o.length;i++)o[i].style.display=\"none\";for(i=0;i<a.length;i++)s=a[i],e.source===s.contentWindow&&(s.removeAttribute(\"style\"),\"height\"===t.message?(1e3<(r=parseInt(t.value,10))?r=1e3:~~r<200&&(r=200),s.height=r):\"link\"===t.message&&(r=new URL(s.getAttribute(\"src\")),n=new URL(t.value),c.test(n.protocol))&&n.host===r.host&&l.activeElement===s&&(d.top.location.href=t.value))}},d.addEventListener(\"message\",d.wp.receiveEmbedMessage,!1),l.addEventListener(\"DOMContentLoaded\",function(){for(var e,t,s=l.querySelectorAll(\"iframe.wp-embedded-content\"),r=0;r<s.length;r++)(t=(e=s[r]).getAttribute(\"data-secret\"))||(t=Math.random().toString(36).substring(2,12),e.src+=\"#?secret=\"+t,e.setAttribute(\"data-secret\",t)),e.contentWindow.postMessage({message:\"ready\",secret:t},\"*\")},!1)))}(window,document);\n\/\/# sourceURL=https:\/\/vanxhaber.com\/wp-includes\/js\/wp-embed.min.js\n\/* ]]> *\/\n<\/script>\n","thumbnail_url":"https:\/\/vanxhaber.com\/wp-content\/uploads\/2024\/06\/images.jpeg","thumbnail_width":640,"thumbnail_height":480,"description":"Kamu M\u00fcteahhitleri ve \u0130\u015f \u0130nsanlar\u0131 Derne\u011fi (KAM\u0130AD) Genel Ba\u015fkan Yard\u0131mc\u0131s\u0131 ve Van Ticaret ve Sanayi Odas\u0131 (Van TSO) Y\u00fcksek \u0130sti\u015fare Kurulu \u00dcyesi olan i\u015f insan\u0131 Fariz Borazan, Kurban Bayram\u0131 dolay\u0131s\u0131yla anlaml\u0131 bir mesaj yay\u0131mlad\u0131. Mesaj\u0131nda bar\u0131\u015f ve huzur temalar\u0131n\u0131 \u00f6ne \u00e7\u0131karan Borazan, bayram\u0131n sa\u011fl\u0131k, mutluluk ve evrensel hukuk a\u00e7\u0131s\u0131ndan da bar\u0131\u015f ve huzur getirmesini temenni &hellip;"}