{"version":"1.0","provider_name":"Van Haber | Van X Haber | Van Haberleri","provider_url":"https:\/\/vanxhaber.com","author_name":"Van X Haber","author_url":"https:\/\/vanxhaber.com\/index.php\/author\/vangazetesi\/","title":"Tanr\u0131tan\u0131r, \u201cVan Geri De\u011fil, \u0130hmal Edilmi\u015f Bir \u015eehir\u201d","type":"rich","width":600,"height":338,"html":"<blockquote class=\"wp-embedded-content\" data-secret=\"5evPfdlOod\"><a href=\"https:\/\/vanxhaber.com\/index.php\/2025\/11\/11\/tanritanir-van-geri-degil-ihmal-edilmis-bir-sehir\/\">Tanr\u0131tan\u0131r, \u201cVan Geri De\u011fil, \u0130hmal Edilmi\u015f Bir \u015eehir\u201d<\/a><\/blockquote><iframe sandbox=\"allow-scripts\" security=\"restricted\" src=\"https:\/\/vanxhaber.com\/index.php\/2025\/11\/11\/tanritanir-van-geri-degil-ihmal-edilmis-bir-sehir\/embed\/#?secret=5evPfdlOod\" width=\"600\" height=\"338\" title=\"&#8220;Tanr\u0131tan\u0131r, \u201cVan Geri De\u011fil, \u0130hmal Edilmi\u015f Bir \u015eehir\u201d&#8221; &#8212; Van Haber | Van X Haber | Van Haberleri\" data-secret=\"5evPfdlOod\" frameborder=\"0\" marginwidth=\"0\" marginheight=\"0\" scrolling=\"no\" class=\"wp-embedded-content\"><\/iframe><script type=\"text\/javascript\">\n\/* <![CDATA[ *\/\n\/*! This file is auto-generated *\/\n!function(d,l){\"use strict\";l.querySelector&&d.addEventListener&&\"undefined\"!=typeof URL&&(d.wp=d.wp||{},d.wp.receiveEmbedMessage||(d.wp.receiveEmbedMessage=function(e){var t=e.data;if((t||t.secret||t.message||t.value)&&!\/[^a-zA-Z0-9]\/.test(t.secret)){for(var s,r,n,a=l.querySelectorAll('iframe[data-secret=\"'+t.secret+'\"]'),o=l.querySelectorAll('blockquote[data-secret=\"'+t.secret+'\"]'),c=new RegExp(\"^https?:$\",\"i\"),i=0;i<o.length;i++)o[i].style.display=\"none\";for(i=0;i<a.length;i++)s=a[i],e.source===s.contentWindow&&(s.removeAttribute(\"style\"),\"height\"===t.message?(1e3<(r=parseInt(t.value,10))?r=1e3:~~r<200&&(r=200),s.height=r):\"link\"===t.message&&(r=new URL(s.getAttribute(\"src\")),n=new URL(t.value),c.test(n.protocol))&&n.host===r.host&&l.activeElement===s&&(d.top.location.href=t.value))}},d.addEventListener(\"message\",d.wp.receiveEmbedMessage,!1),l.addEventListener(\"DOMContentLoaded\",function(){for(var e,t,s=l.querySelectorAll(\"iframe.wp-embedded-content\"),r=0;r<s.length;r++)(t=(e=s[r]).getAttribute(\"data-secret\"))||(t=Math.random().toString(36).substring(2,12),e.src+=\"#?secret=\"+t,e.setAttribute(\"data-secret\",t)),e.contentWindow.postMessage({message:\"ready\",secret:t},\"*\")},!1)))}(window,document);\n\/\/# sourceURL=https:\/\/vanxhaber.com\/wp-includes\/js\/wp-embed.min.js\n\/* ]]> *\/\n<\/script>\n","thumbnail_url":"https:\/\/vanxhaber.com\/wp-content\/uploads\/2025\/11\/Tanritanir-Sanayi-Anadoluda-Yeniden-Konumlandirilmali-scaled.jpeg","thumbnail_width":1920,"thumbnail_height":2560,"description":"Anahtar Parti Van \u0130l Ba\u015fkan\u0131 Osman Tanr\u0131tan\u0131r, SEGE 2017 ve SEGE 2025 verilerini de\u011ferlendirerek Marmara-Ege-Akdeniz hatt\u0131n\u0131n sosyo-ekonomik \u00fcst\u00fcnl\u00fc\u011f\u00fcn\u00fc korudu\u011funu, Do\u011fu ve G\u00fcneydo\u011fu illerinin ise d\u00fc\u015f\u00fck kademelerde yer almaya devam etti\u011fini belirtti. Tanr\u0131tan\u0131r, Van\u2019\u0131n TRB2 b\u00f6lgesinde en k\u0131r\u0131lgan illerden biri oldu\u011funu ifade ederek, yap\u0131sal sorunlara y\u00f6nelik kapsaml\u0131 b\u00f6lgesel kalk\u0131nma politikalar\u0131na ihtiya\u00e7 oldu\u011funu s\u00f6yledi. \u201cMerkez B\u00fcy\u00fcyor, \u00c7evre &hellip;"}