{"version":"1.0","provider_name":"Van Haber | Van X Haber | Van Haberleri","provider_url":"https:\/\/vanxhaber.com","author_name":"Van X Haber","author_url":"https:\/\/vanxhaber.com\/index.php\/author\/vangazetesi\/","title":"Van\u2019\u0131n k\u00f6kl\u00fc esnaf\u0131 Deniz, Berat Akdeniz dedi","type":"rich","width":600,"height":338,"html":"<blockquote class=\"wp-embedded-content\" data-secret=\"v3ntgBqg3M\"><a href=\"https:\/\/vanxhaber.com\/index.php\/2025\/11\/13\/vanin-koklu-esnafi-deniz-berat-akdeniz-dedi\/\">Van\u2019\u0131n k\u00f6kl\u00fc esnaf\u0131 Deniz, Berat Akdeniz dedi<\/a><\/blockquote><iframe sandbox=\"allow-scripts\" security=\"restricted\" src=\"https:\/\/vanxhaber.com\/index.php\/2025\/11\/13\/vanin-koklu-esnafi-deniz-berat-akdeniz-dedi\/embed\/#?secret=v3ntgBqg3M\" width=\"600\" height=\"338\" title=\"&#8220;Van\u2019\u0131n k\u00f6kl\u00fc esnaf\u0131 Deniz, Berat Akdeniz dedi&#8221; &#8212; Van Haber | Van X Haber | Van Haberleri\" data-secret=\"v3ntgBqg3M\" frameborder=\"0\" marginwidth=\"0\" marginheight=\"0\" scrolling=\"no\" class=\"wp-embedded-content\"><\/iframe><script type=\"text\/javascript\">\n\/* <![CDATA[ *\/\n\/*! This file is auto-generated *\/\n!function(d,l){\"use strict\";l.querySelector&&d.addEventListener&&\"undefined\"!=typeof URL&&(d.wp=d.wp||{},d.wp.receiveEmbedMessage||(d.wp.receiveEmbedMessage=function(e){var t=e.data;if((t||t.secret||t.message||t.value)&&!\/[^a-zA-Z0-9]\/.test(t.secret)){for(var s,r,n,a=l.querySelectorAll('iframe[data-secret=\"'+t.secret+'\"]'),o=l.querySelectorAll('blockquote[data-secret=\"'+t.secret+'\"]'),c=new RegExp(\"^https?:$\",\"i\"),i=0;i<o.length;i++)o[i].style.display=\"none\";for(i=0;i<a.length;i++)s=a[i],e.source===s.contentWindow&&(s.removeAttribute(\"style\"),\"height\"===t.message?(1e3<(r=parseInt(t.value,10))?r=1e3:~~r<200&&(r=200),s.height=r):\"link\"===t.message&&(r=new URL(s.getAttribute(\"src\")),n=new URL(t.value),c.test(n.protocol))&&n.host===r.host&&l.activeElement===s&&(d.top.location.href=t.value))}},d.addEventListener(\"message\",d.wp.receiveEmbedMessage,!1),l.addEventListener(\"DOMContentLoaded\",function(){for(var e,t,s=l.querySelectorAll(\"iframe.wp-embedded-content\"),r=0;r<s.length;r++)(t=(e=s[r]).getAttribute(\"data-secret\"))||(t=Math.random().toString(36).substring(2,12),e.src+=\"#?secret=\"+t,e.setAttribute(\"data-secret\",t)),e.contentWindow.postMessage({message:\"ready\",secret:t},\"*\")},!1)))}(window,document);\n\/\/# sourceURL=https:\/\/vanxhaber.com\/wp-includes\/js\/wp-embed.min.js\n\/* ]]> *\/\n<\/script>\n","thumbnail_url":"https:\/\/vanxhaber.com\/wp-content\/uploads\/2025\/11\/Vanin-koklu-esnaflari-Deniz-Berat-Akdeniz-dedi.jpeg","thumbnail_width":1600,"thumbnail_height":1066,"description":"Van\u2019\u0131n k\u00f6kl\u00fc esnaflar\u0131ndan, 30 y\u0131ll\u0131k tecr\u00fcbeye sahip anahtarc\u0131 Erkan Deniz, Ba\u015fkan Aday\u0131 Berat Akdeniz\u2019e olan inanc\u0131n\u0131 ve y\u00f6netimdeki yerini a\u00e7\u0131k\u00e7a ilan ederek, esnaf camias\u0131na g\u00fc\u00e7l\u00fc bir de\u011fi\u015fim \u00e7a\u011fr\u0131s\u0131 yapt\u0131. Deniz, Akdeniz\u2019in liderlik vas\u0131flar\u0131n\u0131n, odan\u0131n uzun s\u00fcredir g\u00f6rmezden gelinen potansiyelini ortaya \u00e7\u0131karaca\u011f\u0131n\u0131 savunuyor. 30 YILLIK TECR\u00dcBE VE A\u0130LE \u0130\u015e\u0130N\u0130N G\u00dcVENCES\u0130 Van merkezde mesle\u011fini 30 y\u0131l\u0131 a\u015fk\u0131n &hellip;"}