{"version":"1.0","provider_name":"Van Haber | Van X Haber | Van Haberleri","provider_url":"https:\/\/vanxhaber.com","author_name":"Van X Haber","author_url":"https:\/\/vanxhaber.com\/index.php\/author\/vangazetesi\/","title":"VEYS\u0130 \u00c7EL\u0130K, \u201cBERAT AKDEN\u0130Z\u2019LE B\u0130RL\u0130KTE Y\u00dcR\u00dcYORUZ\u201d","type":"rich","width":600,"height":338,"html":"<blockquote class=\"wp-embedded-content\" data-secret=\"D4lAsm5Pf0\"><a href=\"https:\/\/vanxhaber.com\/index.php\/2025\/12\/02\/veysi-celik-berat-akdenizle-birlikte-yuruyoruz\/\">VEYS\u0130 \u00c7EL\u0130K, \u201cBERAT AKDEN\u0130Z\u2019LE B\u0130RL\u0130KTE Y\u00dcR\u00dcYORUZ\u201d<\/a><\/blockquote><iframe sandbox=\"allow-scripts\" security=\"restricted\" src=\"https:\/\/vanxhaber.com\/index.php\/2025\/12\/02\/veysi-celik-berat-akdenizle-birlikte-yuruyoruz\/embed\/#?secret=D4lAsm5Pf0\" width=\"600\" height=\"338\" title=\"&#8220;VEYS\u0130 \u00c7EL\u0130K, \u201cBERAT AKDEN\u0130Z\u2019LE B\u0130RL\u0130KTE Y\u00dcR\u00dcYORUZ\u201d&#8221; &#8212; Van Haber | Van X Haber | Van Haberleri\" data-secret=\"D4lAsm5Pf0\" frameborder=\"0\" marginwidth=\"0\" marginheight=\"0\" scrolling=\"no\" class=\"wp-embedded-content\"><\/iframe><script type=\"text\/javascript\">\n\/* <![CDATA[ *\/\n\/*! This file is auto-generated *\/\n!function(d,l){\"use strict\";l.querySelector&&d.addEventListener&&\"undefined\"!=typeof URL&&(d.wp=d.wp||{},d.wp.receiveEmbedMessage||(d.wp.receiveEmbedMessage=function(e){var t=e.data;if((t||t.secret||t.message||t.value)&&!\/[^a-zA-Z0-9]\/.test(t.secret)){for(var s,r,n,a=l.querySelectorAll('iframe[data-secret=\"'+t.secret+'\"]'),o=l.querySelectorAll('blockquote[data-secret=\"'+t.secret+'\"]'),c=new RegExp(\"^https?:$\",\"i\"),i=0;i<o.length;i++)o[i].style.display=\"none\";for(i=0;i<a.length;i++)s=a[i],e.source===s.contentWindow&&(s.removeAttribute(\"style\"),\"height\"===t.message?(1e3<(r=parseInt(t.value,10))?r=1e3:~~r<200&&(r=200),s.height=r):\"link\"===t.message&&(r=new URL(s.getAttribute(\"src\")),n=new URL(t.value),c.test(n.protocol))&&n.host===r.host&&l.activeElement===s&&(d.top.location.href=t.value))}},d.addEventListener(\"message\",d.wp.receiveEmbedMessage,!1),l.addEventListener(\"DOMContentLoaded\",function(){for(var e,t,s=l.querySelectorAll(\"iframe.wp-embedded-content\"),r=0;r<s.length;r++)(t=(e=s[r]).getAttribute(\"data-secret\"))||(t=Math.random().toString(36).substring(2,12),e.src+=\"#?secret=\"+t,e.setAttribute(\"data-secret\",t)),e.contentWindow.postMessage({message:\"ready\",secret:t},\"*\")},!1)))}(window,document);\n\/\/# sourceURL=https:\/\/vanxhaber.com\/wp-includes\/js\/wp-embed.min.js\n\/* ]]> *\/\n<\/script>\n","thumbnail_url":"https:\/\/vanxhaber.com\/wp-content\/uploads\/2025\/12\/veysi-celik.jpeg","thumbnail_width":1600,"thumbnail_height":1066,"description":"Van sanayisinin deneyimli esnaf\u0131 Veysi \u00c7elik, oda se\u00e7imleri \u00f6ncesi Berat Akdeniz\u2019e destek a\u00e7\u0131klamas\u0131 yapt\u0131: \u201cEsnaf\u0131n gelece\u011fi i\u00e7in do\u011fru karar verme zaman\u0131 geldi.\u201ddedi. Van sanayisinde 30 y\u0131l\u0131 a\u015fan tecr\u00fcbesiyle tan\u0131nan esnaf Veysi \u00c7elik, yakla\u015fan oda se\u00e7imlerinde Berat Akdeniz\u2019e destek vererek esnafa birlik ve do\u011fru tercih \u00e7a\u011fr\u0131s\u0131nda bulundu. VAN SANAY\u0130S\u0130N\u0130N TECR\u00dcBEL\u0130 \u0130SM\u0130 VEYS\u0130 \u00c7EL\u0130K\u2019TEN \u00d6NEML\u0130 A\u00c7IKLAMALAR Van &hellip;"}