{"version":"1.0","provider_name":"Van Haber | Van X Haber | Van Haberleri","provider_url":"https:\/\/vanxhaber.com","author_name":"Van X Haber","author_url":"https:\/\/vanxhaber.com\/index.php\/author\/vangazetesi\/","title":"VAN\u2019DA 30 YILLIK ESNAF NED\u0130M KILI\u00c7'TAN DESTEK A\u00c7IKLAMASI","type":"rich","width":600,"height":338,"html":"<blockquote class=\"wp-embedded-content\" data-secret=\"778r4UwfyY\"><a href=\"https:\/\/vanxhaber.com\/index.php\/2025\/12\/05\/vanda-30-yillik-esnaf-nedim-kilictan-destek-aciklamasi\/\">VAN\u2019DA 30 YILLIK ESNAF NED\u0130M KILI\u00c7&#8217;TAN DESTEK A\u00c7IKLAMASI<\/a><\/blockquote><iframe sandbox=\"allow-scripts\" security=\"restricted\" src=\"https:\/\/vanxhaber.com\/index.php\/2025\/12\/05\/vanda-30-yillik-esnaf-nedim-kilictan-destek-aciklamasi\/embed\/#?secret=778r4UwfyY\" width=\"600\" height=\"338\" title=\"&#8220;VAN\u2019DA 30 YILLIK ESNAF NED\u0130M KILI\u00c7&#8217;TAN DESTEK A\u00c7IKLAMASI&#8221; &#8212; Van Haber | Van X Haber | Van Haberleri\" data-secret=\"778r4UwfyY\" frameborder=\"0\" marginwidth=\"0\" marginheight=\"0\" scrolling=\"no\" class=\"wp-embedded-content\"><\/iframe><script type=\"text\/javascript\">\n\/* <![CDATA[ *\/\n\/*! This file is auto-generated *\/\n!function(d,l){\"use strict\";l.querySelector&&d.addEventListener&&\"undefined\"!=typeof URL&&(d.wp=d.wp||{},d.wp.receiveEmbedMessage||(d.wp.receiveEmbedMessage=function(e){var t=e.data;if((t||t.secret||t.message||t.value)&&!\/[^a-zA-Z0-9]\/.test(t.secret)){for(var s,r,n,a=l.querySelectorAll('iframe[data-secret=\"'+t.secret+'\"]'),o=l.querySelectorAll('blockquote[data-secret=\"'+t.secret+'\"]'),c=new RegExp(\"^https?:$\",\"i\"),i=0;i<o.length;i++)o[i].style.display=\"none\";for(i=0;i<a.length;i++)s=a[i],e.source===s.contentWindow&&(s.removeAttribute(\"style\"),\"height\"===t.message?(1e3<(r=parseInt(t.value,10))?r=1e3:~~r<200&&(r=200),s.height=r):\"link\"===t.message&&(r=new URL(s.getAttribute(\"src\")),n=new URL(t.value),c.test(n.protocol))&&n.host===r.host&&l.activeElement===s&&(d.top.location.href=t.value))}},d.addEventListener(\"message\",d.wp.receiveEmbedMessage,!1),l.addEventListener(\"DOMContentLoaded\",function(){for(var e,t,s=l.querySelectorAll(\"iframe.wp-embedded-content\"),r=0;r<s.length;r++)(t=(e=s[r]).getAttribute(\"data-secret\"))||(t=Math.random().toString(36).substring(2,12),e.src+=\"#?secret=\"+t,e.setAttribute(\"data-secret\",t)),e.contentWindow.postMessage({message:\"ready\",secret:t},\"*\")},!1)))}(window,document);\n\/\/# sourceURL=https:\/\/vanxhaber.com\/wp-includes\/js\/wp-embed.min.js\n\/* ]]> *\/\n<\/script>\n","thumbnail_url":"https:\/\/vanxhaber.com\/wp-content\/uploads\/2025\/12\/VANDA-30-YILLIK-ESNAF-NEDIM-KILICTAN-DESTEK-ACIKLAMASI-scaled.jpg","thumbnail_width":2560,"thumbnail_height":1700,"description":"Van\u2019da yakla\u015fan Demirciler Tornac\u0131lar Tamirciler Esnaf ve Sanatkarlar\u0131 Odas\u0131 se\u00e7imleri \u00f6ncesi, sekt\u00f6r\u00fcn \u00f6nde gelen esnaflar\u0131ndan Nedim K\u0131l\u0131\u00e7, Ba\u015fkan Aday\u0131 Berat Akdeniz\u2019e destek a\u00e7\u0131klamas\u0131nda bulundu.1990 y\u0131l\u0131ndan beri abileri ve karde\u015fleriyle birlikte kamyon tamir ve yedek par\u00e7a i\u015fi yapt\u0131klar\u0131n\u0131 belirten K\u0131l\u0131\u00e7, 30 y\u0131l\u0131 a\u015fk\u0131n s\u00fcredir esnafl\u0131\u011f\u0131n i\u00e7inde olduklar\u0131n\u0131 vurgulayarak \u015funlar\u0131 s\u00f6yledi: \u201cBen Nedim K\u0131l\u0131\u00e7. 1990&#8217;dan beri biraderlerimle, &hellip;"}