{"version":"1.0","provider_name":"Van Haber | Van X Haber | Van Haberleri","provider_url":"https:\/\/vanxhaber.com","author_name":"Van X Haber","author_url":"https:\/\/vanxhaber.com\/index.php\/author\/vangazetesi\/","title":"Van\u2019\u0131n \u00c7atak il\u00e7esinde anlaml\u0131 bir etkinli\u011fe imza at\u0131ld\u0131","type":"rich","width":600,"height":338,"html":"<blockquote class=\"wp-embedded-content\" data-secret=\"BzZkSCkMTh\"><a href=\"https:\/\/vanxhaber.com\/index.php\/2026\/03\/12\/vanin-catak-ilcesinde-anlamli-bir-etkinlige-imza-atildi\/\">Van\u2019\u0131n \u00c7atak il\u00e7esinde anlaml\u0131 bir etkinli\u011fe imza at\u0131ld\u0131<\/a><\/blockquote><iframe sandbox=\"allow-scripts\" security=\"restricted\" src=\"https:\/\/vanxhaber.com\/index.php\/2026\/03\/12\/vanin-catak-ilcesinde-anlamli-bir-etkinlige-imza-atildi\/embed\/#?secret=BzZkSCkMTh\" width=\"600\" height=\"338\" title=\"&#8220;Van\u2019\u0131n \u00c7atak il\u00e7esinde anlaml\u0131 bir etkinli\u011fe imza at\u0131ld\u0131&#8221; &#8212; Van Haber | Van X Haber | Van Haberleri\" data-secret=\"BzZkSCkMTh\" frameborder=\"0\" marginwidth=\"0\" marginheight=\"0\" scrolling=\"no\" class=\"wp-embedded-content\"><\/iframe><script type=\"text\/javascript\">\n\/* <![CDATA[ *\/\n\/*! This file is auto-generated *\/\n!function(d,l){\"use strict\";l.querySelector&&d.addEventListener&&\"undefined\"!=typeof URL&&(d.wp=d.wp||{},d.wp.receiveEmbedMessage||(d.wp.receiveEmbedMessage=function(e){var t=e.data;if((t||t.secret||t.message||t.value)&&!\/[^a-zA-Z0-9]\/.test(t.secret)){for(var s,r,n,a=l.querySelectorAll('iframe[data-secret=\"'+t.secret+'\"]'),o=l.querySelectorAll('blockquote[data-secret=\"'+t.secret+'\"]'),c=new RegExp(\"^https?:$\",\"i\"),i=0;i<o.length;i++)o[i].style.display=\"none\";for(i=0;i<a.length;i++)s=a[i],e.source===s.contentWindow&&(s.removeAttribute(\"style\"),\"height\"===t.message?(1e3<(r=parseInt(t.value,10))?r=1e3:~~r<200&&(r=200),s.height=r):\"link\"===t.message&&(r=new URL(s.getAttribute(\"src\")),n=new URL(t.value),c.test(n.protocol))&&n.host===r.host&&l.activeElement===s&&(d.top.location.href=t.value))}},d.addEventListener(\"message\",d.wp.receiveEmbedMessage,!1),l.addEventListener(\"DOMContentLoaded\",function(){for(var e,t,s=l.querySelectorAll(\"iframe.wp-embedded-content\"),r=0;r<s.length;r++)(t=(e=s[r]).getAttribute(\"data-secret\"))||(t=Math.random().toString(36).substring(2,12),e.src+=\"#?secret=\"+t,e.setAttribute(\"data-secret\",t)),e.contentWindow.postMessage({message:\"ready\",secret:t},\"*\")},!1)))}(window,document);\n\/\/# sourceURL=https:\/\/vanxhaber.com\/wp-includes\/js\/wp-embed.min.js\n\/* ]]> *\/\n<\/script>\n","thumbnail_url":"https:\/\/vanxhaber.com\/wp-content\/uploads\/2026\/03\/IMG-20260312-WA0040.jpg","thumbnail_width":1600,"thumbnail_height":1200,"description":"8 Mart D\u00fcnya Kad\u0131nlar G\u00fcn\u00fc kapsam\u0131nda Van\u2019\u0131n \u00c7atak il\u00e7esinde anlaml\u0131 bir etkinli\u011fe imza at\u0131ld\u0131. \u00c7atak \u0130l\u00e7e Halk K\u00fct\u00fcphanesi taraf\u0131ndan d\u00fczenlenen programda il\u00e7ede ya\u015fayan anneler ve kad\u0131nlar k\u00fct\u00fcphanede bir araya geldi.Kad\u0131nlar\u0131n toplumdaki \u00f6nemine dikkat \u00e7ekmek ve onlar\u0131n emeklerini takdir etmek amac\u0131yla ger\u00e7ekle\u015ftirilen etkinlikte, k\u00fct\u00fcphane yetkilileri taraf\u0131ndan misafirlere \u00e7e\u015fitli ikramlarda bulunuldu. Samimi bir ortamda ger\u00e7ekle\u015fen programda anneler &hellip;"}